{"id":3604,"date":"2023-10-18T15:21:56","date_gmt":"2023-10-18T15:21:56","guid":{"rendered":"https:\/\/mcgeoffroy.ca\/media\/"},"modified":"2024-09-29T01:03:48","modified_gmt":"2024-09-29T01:03:48","slug":"media","status":"publish","type":"page","link":"https:\/\/mcgeoffroy.ca\/en\/media\/","title":{"rendered":"Press &#038; Medias"},"content":{"rendered":"\t\t<div data-elementor-type=\"wp-page\" data-elementor-id=\"3604\" class=\"elementor elementor-3604 elementor-3059\" data-elementor-post-type=\"page\">\n\t\t\t\t<div class=\"elementor-element elementor-element-f9dcb0b e-flex e-con-boxed e-con e-parent\" data-id=\"f9dcb0b\" data-element_type=\"container\" data-e-type=\"container\">\n\t\t\t\t\t<div class=\"e-con-inner\">\n\t\t\t\t<div class=\"elementor-element elementor-element-69e1f72 text elementor-widget elementor-widget-text-editor\" data-id=\"69e1f72\" data-element_type=\"widget\" data-e-type=\"widget\" data-widget_type=\"text-editor.default\">\n\t\t\t\t<div class=\"elementor-widget-container\">\n\t\t\t\t\t\t\t\t\t<p><a href=\"https:\/\/ici.radio-canada.ca\/ohdio\/premiere\/emissions\/dans-la-mosaique\/segments\/rattrapage\/1849041\/journee-internationale-prevention-suicide\">Journ\u00e9e internationale de pr\u00e9vention du suicide<\/a>, 10 septembre 2024, Radio Canada<\/p><p><a href=\"https:\/\/ici.radio-canada.ca\/ohdio\/premiere\/emissions\/point-du-jour\/segments\/rattrapage\/1783480\/hausse-de-la-depression-chez-les-jeunes-saskatchewanais-sante-mentale-suicides?isAutoPlay=1\">La barri\u00e8re de la langue, une entrave pour demander de l\u2019aide en sant\u00e9 mentale<\/a>, 14 juin 2024, Radio Canada<\/p><p style=\"color: #000000;\"><a href=\"https:\/\/www.ledroit.com\/science\/2024\/05\/19\/acfas-encore-plus-de-science-RVNRPMFPZRGWDADHWI5C4IDATA\/\">ACFAS: pand\u00e9mie, \u00e9rosion et femme et fan de hockey,<\/a> 19 mai 2024, Le Droit<\/p><p><a href=\"https:\/\/www.lesoleil.com\/science\/2024\/05\/19\/acfas-encore-plus-de-science-RVNRPMFPZRGWDADHWI5C4IDATA\/\">ACFAS: pand\u00e9mie, \u00e9rosion et femme et fan de hockey<\/a>, 19 mai 2024, Le Soleil<\/p><p><a href=\"https:\/\/ici.radio-canada.ca\/ohdio\/premiere\/emissions\/point-du-jour\/segments\/rattrapage\/496257\/augmentation-des-tentatives-de-suicide-chez-les-enfants-en-saskatchewan-reseaux-sociaux-protection-enfants\">Le suicide, cette id\u00e9e macabre qui contamine un nombre alarmant de jeunes<\/a>, 29 avril 2024, Radio Canada<\/p><p><a href=\"https:\/\/www.mcgill.ca\/mymcgill\/channels\/news\/study-finds-weak-link-between-adolescent-media-use-and-psychotic-experiences-adulthood-356638\">Study finds weak link between adolescent media use and psychotic experiences in adulthood<\/a>, April 10, 2024, McGill\u00a0<\/p><p><a href=\"https:\/\/www.mcgill.ca\/channels\/channels\/news\/bell-lets-talk-day-mental-health-advice-dr-marie-claude-geoffroy-345122\">Bell Let&#8217;s Talk Day: Mental Health Advice from Dr. Marie-Claude Geoffroy<\/a>, January 25, 2023, McGill University News and Events<\/p><p><a title=\"\" href=\"https:\/\/www.ledevoir.com\/societe\/762999\/suicide-des-mineurs-les-failles-d-un-systeme\" target=\"_blank\" rel=\"noopener\">Suicide chez les enfants: les failles d\u2019un syst\u00e8me<\/a>, 11 octobre 2022. Le Devoir<\/p><p><a href=\"https:\/\/www.liberation.fr\/checknews\/explosion-des-gestes-suicidaires-des-adolescentes-depuis-le-covid-un-phenomene-sans-frontiere-qui-demeure-inexplique-20221004_QMROD5TT4JEFTFLD5G2FAAWR2A\/\" target=\"_blank\" rel=\"noopener\">Explosion des gestes suicidaires des adolescentes\u2009depuis le Covid\u2009: un ph\u00e9nom\u00e8ne sans fronti\u00e8re qui demeure inexpliqu\u00e9<\/a>, 4 octobre 2022, Lib\u00e9ration<\/p><p><a href=\"https:\/\/www.sciencepresse.qc.ca\/actualite\/2022\/07\/11\/lecons-pandemiques-pour-resilience-enfants\" target=\"_blank\" rel=\"noopener\">Le\u00e7ons pand\u00e9miques pour<\/a><a href=\"https:\/\/www.sciencepresse.qc.ca\/actualite\/2022\/07\/11\/lecons-pandemiques-pour-resilience-enfants\" target=\"_blank\" rel=\"noopener\"> l<\/a><a href=\"https:\/\/www.sciencepresse.qc.ca\/actualite\/2022\/07\/11\/lecons-pandemiques-pour-resilience-enfants\" target=\"_blank\" rel=\"noopener\">a<\/a><a href=\"https:\/\/www.sciencepresse.qc.ca\/actualite\/2022\/07\/11\/lecons-pandemiques-pour-resilience-enfants\" target=\"_blank\" rel=\"noopener\"> r\u00e9silience des enfants<\/a>, July 11, 2022, Science Presse<\/p><p><a href=\"https:\/\/reporter.mcgill.ca\/outstanding-emerging-researchers-honoured-during-convocation\/\" target=\"_blank\" rel=\"noreferrer noopener\">Outstanding emerging researchers honoured during Convocation<\/a>, May 30, 2022, McGill Reporter<\/p><p><a href=\"https:\/\/www.tvanouvelles.ca\/2022\/01\/31\/mortalite-par-suicide-la-detresse-demeure-palpable-selon-linspq-1\" target=\"_blank\" rel=\"noreferrer noopener\">Mortalit\u00e9 par suicide: \u00abla d\u00e9tresse demeure palpable\u00bb, selon l\u2019INSPQ<\/a>, 31 janvier 2022, TVA Nouvelles<\/p><p><a href=\"https:\/\/www.lapresse.ca\/debats\/opinions\/2022-01-21\/sante-mentale-des-jeunes\/un-coup-de-pouce-dans-une-periode-charniere.php\" target=\"_blank\" rel=\"noreferrer noopener\">Un coup de pouce dans une p\u00e9riode charni\u00e8re<\/a>, 21 janvier 2022, La Presse<\/p><p><a href=\"https:\/\/www.lapresse.ca\/actualites\/education\/2022-03-27\/aide-alimentaire-dans-les-ecoles\/nourrir-3000-enfants-chaque-jour-malgre-l-inflation.php\" target=\"_blank\" rel=\"noreferrer noopener\">Aide alimentaire dans les \u00e9coles Nourrir: 3000 enfants chaque jour, malgr\u00e9 l\u2019inflation<\/a><br \/>27 mars 2022, La Presse<\/p><p><a href=\"https:\/\/reporter.mcgill.ca\/helping-kids-deal-with-the-mental-burdens-of-covid\/\" target=\"_blank\" rel=\"noreferrer noopener\">Helping kids deal with the mental burdens of COVID<\/a>, January 18, 2022, McGill Reporter<\/p><p><a href=\"https:\/\/cihr-irsc.gc.ca\/e\/52748.html\" target=\"_blank\" rel=\"noreferrer noopener\">\u00c9gayer la vie et am\u00e9liorer la sant\u00e9 des enfants durant la pand\u00e9mie<\/a>, December 9, 2021, Canadian Institutes<br \/>of Health Research [VERSION FRAN\u00c7AISE CI-DESSOUS]<\/p><p><a href=\"https:\/\/cihr-irsc.gc.ca\/f\/52748.html\" target=\"_blank\" rel=\"noreferrer noopener\">\u00c9gayer la vie et am\u00e9liorer la sant\u00e9 des enfants durant la pand\u00e9mie<\/a>, 9 d\u00e9cembre 2021, Instituts de recherche<br \/>en sant\u00e9 du Canada [ENGLISH VERSION ABOVE]<\/p><p><a href=\"https:\/\/alert.psychnews.org\/2021\/12\/food-insecurity-in-childhood-linked-to.html\" target=\"_blank\" rel=\"noreferrer noopener\">Food Insecurity in Childhood Linked to Cannabis Use, Bullying, School Dropout Risk<\/a><br \/>December 28, 2021, Psychiatric News<\/p><p><a href=\"https:\/\/theconversation.com\/understanding-the-early-life-origins-of-suicide-vulnerability-may-begin-even-before-birth-163863\" target=\"_blank\" rel=\"noreferrer noopener\">Comprendre les origines du suicide au d\u00e9but de la vie\u00a0: la vuln\u00e9rabilit\u00e9 peut commencer avant m\u00eame la naissance<\/a><br \/>October 6, 2021, The Conversation<\/p><p><a href=\"https:\/\/www.latribune.ca\/actualites\/le-fil-groupe-capitales-medias\/sante-mentale-de-tres-jeunes-enfants-pourraient-mettre-fin-a-leurs-jours-55c7c3573581b1e20f6bf82a65e86e2b?fbclid=IwAR1HmHRJO2yn3LnpnwU19F4BpuI1wQEFVyDNDABlBi_-gwRUMKPMzc8TVOs\" target=\"_blank\" rel=\"noreferrer noopener\">Sant\u00e9 mentale: de tr\u00e8s jeunes enfants pourraient mettre fin \u00e0 leurs jours<\/a><br \/>4 ao\u00fbt 2021, Le Soleil<\/p><p><em>Fran\u00e7ais<\/em>\u00a0:\u00a0<a href=\"https:\/\/theconversation.com\/prevention-du-suicide-chez-les-ados-comment-avoir-une-conversation-sincere-avec-ses-enfants-154309\" target=\"_blank\" rel=\"noreferrer noopener\">Pr\u00e9vention du suicide chez les ados : comment avoir une conversation sinc\u00e8re avec ses enfants<\/a><br \/>4 f\u00e9vrier 2021, La Conversation<\/p><p><em>English<\/em>:\u00a0<a href=\"https:\/\/theconversation.com\/teen-suicide-prevention-during-covid-19-how-parents-and-kids-can-have-honest-and-safe-conversations-152485\" target=\"_blank\" rel=\"noreferrer noopener\">Pr\u00e9vention du suicide chez les ados : comment avoir une conversation sinc\u00e8re avec ses enfants<\/a>, January 28, 2021, The Conversation<\/p><p><a href=\"https:\/\/www.mcgill.ca\/newsroom\/channels\/news\/strong-social-support-decreases-mental-health-problems-young-adults-326716\" target=\"_blank\" rel=\"noreferrer noopener\">Strong social support decreases mental health problems in young adults<\/a><br \/>December 4, 2020, McGill Newsroom<\/p><p><a href=\"http:\/\/www.thesuburban.com\/life\/health\/link-between-cybervictimization-and-suicidal-ideation-in-quebec-youth\/article_7d24d660-5a54-11ea-b03b-8f9b4cd670d6.html\" target=\"_blank\" rel=\"noreferrer noopener\" aria-label=\"Link between cybervictimization and suicidal ideation in Quebec Youth (opens in a new tab)\">Link between cybervictimization and suicidal ideation in Quebec Youth<\/a><br \/>March 2, 2020, The Suburban<\/p><p><a href=\"https:\/\/ici.radio-canada.ca\/premiere\/emissions\/boulevard-du-pacifique\/episodes\/454396\/rattrapage-du-jeudi-6-fevrier-2020\/9\" target=\"_blank\" rel=\"noreferrer noopener\" aria-label=\"16h27 Cybervictimisation et le suicide chez les adolescents (opens in a new tab)\">16h27 Cybervictimisation et le suicide chez les adolescents<\/a>\u00a0(interview radio)<br \/>6 f\u00e9vrier 2020, ICI Premiere (Vancouver) \u2013 Boulevard du Pacifique avec Jacques Dufresne<\/p><p><a href=\"https:\/\/www.lapresse.ca\/societe\/sante\/202002\/04\/01-5259558-les-victimes-de-cyberintimidation-plus-a-risque-davoir-des-idees-suicidaires.php\" target=\"_blank\" rel=\"noreferrer noopener\" aria-label=\"Les victimes de cyberintimidation plus \u00e0 risque d\u2019avoir des id\u00e9es suicidaires (opens in a new tab)\">Les victimes de cyberintimidation plus \u00e0 risque d\u2019avoir des id\u00e9es suicidaires<\/a><br \/>4 f\u00e9vrier 2020, La Presse<\/p><p><a href=\"https:\/\/www.ledroit.com\/science\/acfas-encore-plus-de-decouvertes-10331cf8a2f0ae234ba7ec52a5025ca7?utm_source=dlvr.it&amp;utm_medium=facebook\" target=\"_blank\" rel=\"noreferrer noopener\" aria-label=\"ACFAS: encore plus de d\u00e9couvertes (opens in a new tab)\">ACFAS: encore plus de d\u00e9couvertes<\/a><br \/>1 juin 2019, Le Droit<\/p><p><a href=\"https:\/\/www.sciencepresse.qc.ca\/actualite\/2019\/05\/29\/ados-plus-vulnerables-suicide\" target=\"_blank\" rel=\"noreferrer noopener\" aria-label=\" (opens in a new tab)\">Les ados, plus vuln\u00e9rables au suicide<\/a><br \/>29 mai 2019, Sience Presse<\/p><p><a href=\"https:\/\/www.ledevoir.com\/non-classe\/554900\/suicide-suicide-quand-la-science-ouvre-la-porte-a-la-prevention\" target=\"_blank\" rel=\"noreferrer noopener\" aria-label=\"Quand la science ouvre les portes a\u0300 la pre\u0301vention du suicide (opens in a new tab)\">Quand la science ouvre les portes a\u0300 la pre\u0301vention du suicide<\/a><br \/>25 mai 2019, Le Devoir<\/p><p><a href=\"http:\/\/plus.lapresse.ca\/screens\/a011bacf-d018-4e5c-bc06-64592fcd9b14__7C___0.html\" target=\"_blank\" rel=\"noreferrer noopener\" aria-label=\"CONGR\u00c8S DE L\u2019ACFAS - L\u2019INTIMIDATION MULTIPLIE LES RISQUES DE SUICIDE (opens in a new tab)\">Congr\u00e8s de l\u2019ACFAS \u2013 L\u2019intimidation multiplie les risques de suicide<\/a><br \/>30 mai 2019, La Presse<\/p><p><a href=\"http:\/\/www.wrcbtv.com\/story\/37266688\/severe-bullying-tied-to-mental-health-woes-in-teens\" target=\"_blank\" rel=\"noreferrer noopener\">Severe bullying tied to mental health woes in teens<\/a><br \/>Jan. 17, 2018, NBC 3 Chattanooga (WRCB-TV)<\/p><p><a href=\"https:\/\/in.news.yahoo.com\/bullied-kids-high-risk-anxiety-suicidal-behaviour-070205405.html\" target=\"_blank\" rel=\"noreferrer noopener\">Bullied kids at high risk of anxiety, suicidal behaviour<\/a><br \/>Jan. 15, 2018, Yahoo! India (Online)<\/p><p><a href=\"http:\/\/www.ledevoir.com\/societe\/sante\/517606\/surestimation-de-la-prevalence-de-la-depression\" target=\"_blank\" rel=\"noreferrer noopener\">La pr\u00e9valence de la d\u00e9pression serait surestim\u00e9e<\/a><br \/>15 janv. 2018, Le Devoir<\/p><p><a href=\"http:\/\/medicalrepublic.com.au\/overestimating-depression-prevalence\/12512\" target=\"_blank\" rel=\"noreferrer noopener\">Are we overestimating rates of depression?<\/a><br \/>Jan. 15, 2018, Medical Republic<\/p><p><a href=\"http:\/\/indianexpress.com\/article\/lifestyle\/health\/bullied-kids-at-high-risk-of-anxiety-suicidal-behaviour-5025556\/\" target=\"_blank\" rel=\"noreferrer noopener\">Bullied kids at high risk of anxiety, suicidal behaviour<\/a><br \/>Jan. 15, 2018, Indian Express<\/p><p><a href=\"http:\/\/www.philly.com\/philly\/health\/topics\/HealthDay730063_20180115_Severe_Bullying_Tied_to_Mental_Health_Woes_in_Teens.html\" target=\"_blank\" rel=\"noreferrer noopener\">Severe Bullying Tied to Mental Health Woes in Teens<\/a><br \/>Jan. 15, 2018, Philadelphia Inquirer<\/p><p><a href=\"http:\/\/www.cbc.ca\/radio\/whitecoat\/blog\/read-this-if-your-child-is-being-bullied-at-school-1.4487425\" target=\"_blank\" rel=\"noreferrer noopener\">How bullying in school affects a child\u2019s mental health<\/a><br \/>Jan. 15, 2018, CBC News<\/p>\t\t\t\t\t\t\t\t<\/div>\n\t\t\t\t<\/div>\n\t\t\t\t\t<\/div>\n\t\t\t\t<\/div>\n\t\t\t\t<\/div>\n\t\t","protected":false},"excerpt":{"rendered":"<p>Journ\u00e9e internationale de pr\u00e9vention du suicide, 10 septembre 2024, Radio Canada La barri\u00e8re de la langue, une entrave pour demander de l\u2019aide en sant\u00e9 mentale, 14 juin 2024, Radio Canada ACFAS: pand\u00e9mie, \u00e9rosion et femme et fan de hockey, 19 mai 2024, Le Droit ACFAS: pand\u00e9mie, \u00e9rosion et femme et fan de hockey, 19 mai [&hellip;]<\/p>\n","protected":false},"author":1,"featured_media":0,"parent":0,"menu_order":0,"comment_status":"closed","ping_status":"closed","template":"elementor_header_footer","meta":{"footnotes":""},"class_list":["post-3604","page","type-page","status-publish","hentry"],"acf":[],"_links":{"self":[{"href":"https:\/\/mcgeoffroy.ca\/en\/wp-json\/wp\/v2\/pages\/3604","targetHints":{"allow":["GET"]}}],"collection":[{"href":"https:\/\/mcgeoffroy.ca\/en\/wp-json\/wp\/v2\/pages"}],"about":[{"href":"https:\/\/mcgeoffroy.ca\/en\/wp-json\/wp\/v2\/types\/page"}],"author":[{"embeddable":true,"href":"https:\/\/mcgeoffroy.ca\/en\/wp-json\/wp\/v2\/users\/1"}],"replies":[{"embeddable":true,"href":"https:\/\/mcgeoffroy.ca\/en\/wp-json\/wp\/v2\/comments?post=3604"}],"version-history":[{"count":10,"href":"https:\/\/mcgeoffroy.ca\/en\/wp-json\/wp\/v2\/pages\/3604\/revisions"}],"predecessor-version":[{"id":4930,"href":"https:\/\/mcgeoffroy.ca\/en\/wp-json\/wp\/v2\/pages\/3604\/revisions\/4930"}],"wp:attachment":[{"href":"https:\/\/mcgeoffroy.ca\/en\/wp-json\/wp\/v2\/media?parent=3604"}],"curies":[{"name":"wp","href":"https:\/\/api.w.org\/{rel}","templated":true}]}}