{"id":3940,"date":"2023-10-18T10:58:35","date_gmt":"2023-10-18T14:58:35","guid":{"rendered":"https:\/\/mcgeoffroy.ca\/publication\/"},"modified":"2026-01-11T19:40:21","modified_gmt":"2026-01-12T00:40:21","slug":"publication","status":"publish","type":"page","link":"https:\/\/mcgeoffroy.ca\/en\/publication\/","title":{"rendered":"Science"},"content":{"rendered":"\t\t<div data-elementor-type=\"wp-page\" data-elementor-id=\"3940\" class=\"elementor elementor-3940 elementor-483\" data-elementor-post-type=\"page\">\n\t\t\t\t<div class=\"elementor-element elementor-element-53df8de accodion e-con-full e-flex e-con e-parent\" data-id=\"53df8de\" data-element_type=\"container\" data-e-type=\"container\">\n\t\t\t\t<div class=\"elementor-element elementor-element-1131297 elementor-widget elementor-widget-accordion\" data-id=\"1131297\" data-element_type=\"widget\" data-e-type=\"widget\" data-widget_type=\"accordion.default\">\n\t\t\t\t<div class=\"elementor-widget-container\">\n\t\t\t\t\t\t\t<div class=\"elementor-accordion\">\n\t\t\t\t\t\t\t<div class=\"elementor-accordion-item\">\n\t\t\t\t\t<div id=\"elementor-tab-title-1801\" class=\"elementor-tab-title\" data-tab=\"1\" role=\"button\" aria-controls=\"elementor-tab-content-1801\" aria-expanded=\"false\">\n\t\t\t\t\t\t\t\t\t\t\t\t\t<span class=\"elementor-accordion-icon elementor-accordion-icon-right\" aria-hidden=\"true\">\n\t\t\t\t\t\t\t\t\t\t\t\t\t\t\t<span class=\"elementor-accordion-icon-closed\"><i class=\"fas fa-plus\"><\/i><\/span>\n\t\t\t\t\t\t\t\t<span class=\"elementor-accordion-icon-opened\"><i class=\"fas fa-minus\"><\/i><\/span>\n\t\t\t\t\t\t\t\t\t\t\t\t\t\t<\/span>\n\t\t\t\t\t\t\t\t\t\t\t\t<a class=\"elementor-accordion-title\" tabindex=\"0\">2026<\/a>\n\t\t\t\t\t<\/div>\n\t\t\t\t\t<div id=\"elementor-tab-content-1801\" class=\"elementor-tab-content elementor-clearfix\" data-tab=\"1\" role=\"region\" aria-labelledby=\"elementor-tab-title-1801\"><p>Hu, S., Carrier, M.E., <strong>Geoffroy, M.C.,<\/strong> Golberg, M., Kwakkenbos, L., Bartlett, S.J., Fortune, C., Gietzen, A., Gottesman, K., Guillot, G., Hummers, L.K., Lawrie-Jones, A., Malcarne, V.L., Richard, M., Sauve, M., Mouthon, L., Benedetti, A., &amp; Thombs, B.D. (in press). <strong>Differential item functioning on the Patient Health Questionnaire-8 by disease subtype, language, sex, and age among people with systemic sclerosis: A Scleroderma Patient-centered Intervention Network (SPIN) Cohort Study.<\/strong> <em>Arthritis Care &amp; Research.<\/em><\/p><p>Hamaoui, J., Acland, E., Vitaro, F., Fallu, J.-S., Parent, S., Simard, C., Boivin, M., C\u00f4t\u00e9, S., <strong>Geoffroy, M.-C.<\/strong>, S\u00e9guin, J. R., &amp; Castellanos-Ryan, N. (2026). <strong>Development of substance use problems: The role of adolescent cannabis age of onset, frequency of use and childhood risk factors.<\/strong> <em>Research on Child and Adolescent Psychopathology. 54<\/em>(1), 1. doi: 10.1007\/s10802-025-01404-z<\/p><p>London-Nadeau, K., Pocuca, N., Rioux, C., Chadi, N., C\u00f4t\u00e9, S., Fallu J.-S., <strong>Geoffroy, M.C.<\/strong>, Huynh, C., Juster, R.-P., S\u00e9guin, J. R. &amp; Castellanos Ryan, N. (2026). <strong>Sexual diversity, adolescent mental health, and adult cannabis use: Longitudinal associations through cannabis use motives.<\/strong> <em>Addictive Behaviors. 173<\/em>, 108530. doi: 10.1016\/j.addbeh.2025.108530<\/p><\/div>\n\t\t\t\t<\/div>\n\t\t\t\t\t\t\t<div class=\"elementor-accordion-item\">\n\t\t\t\t\t<div id=\"elementor-tab-title-1802\" class=\"elementor-tab-title\" data-tab=\"2\" role=\"button\" aria-controls=\"elementor-tab-content-1802\" aria-expanded=\"false\">\n\t\t\t\t\t\t\t\t\t\t\t\t\t<span class=\"elementor-accordion-icon elementor-accordion-icon-right\" aria-hidden=\"true\">\n\t\t\t\t\t\t\t\t\t\t\t\t\t\t\t<span class=\"elementor-accordion-icon-closed\"><i class=\"fas fa-plus\"><\/i><\/span>\n\t\t\t\t\t\t\t\t<span class=\"elementor-accordion-icon-opened\"><i class=\"fas fa-minus\"><\/i><\/span>\n\t\t\t\t\t\t\t\t\t\t\t\t\t\t<\/span>\n\t\t\t\t\t\t\t\t\t\t\t\t<a class=\"elementor-accordion-title\" tabindex=\"0\">2025<\/a>\n\t\t\t\t\t<\/div>\n\t\t\t\t\t<div id=\"elementor-tab-content-1802\" class=\"elementor-tab-content elementor-clearfix\" data-tab=\"2\" role=\"region\" aria-labelledby=\"elementor-tab-title-1802\"><p>Hammond, N.G., Condran, G., DeVito, E.E., <strong>Geoffroy, M.C.,<\/strong> Colman, I. (2025). <strong>Cognitive markers of decision-making and risk-taking as predictors of risky health behaviours in the Millennium Cohort Study.<\/strong> <em>JCPP Advances.<\/em> Advance online publication. doi: 10.1002\/jcv2.70071<\/p><p>Mamprin, C., Bouliane, M., Archambault, I., Chadi, N., Gauvin, L., <strong>Geoffroy, M.-C.<\/strong>, Isabelle, M.-P., Larose, S., C\u00f4t\u00e9, S., &amp; Ouellet-Morin, I. (2025). <strong>Pas une autre consultation en \u00e9ducation\u2009! Transformer les id\u00e9es en actions gr\u00e2ce \u00e0 la coconstruction des savoirs et \u00e0 la cartographie conceptuelle.<\/strong> <em>Revue de psycho\u00e9ducation.<\/em> <em>54<\/em>(2), 271-303. doi : 10.7202\/1121904ar<\/p><p>Ouellet-Morin, I., <strong>Geoffroy, M-C.<\/strong>, Louis, P., Vonorin, I., Morneau-Vaillancourt, G., Langevin, R., Collin-Vezina, D., Gigu\u00e8re, C-E., Bouliane, M., Petitclerc, A., Brendgen, M., Vitaro, F., Tremblay, R. &amp; Boivin, M. (2025). <strong>Deciphering the mediating role of childhood maltreatment in the association between genetic risk and developmental trajectories of school-age aggression.<\/strong> <em>Development and Psychopathology<\/em>, 1-14. Advance online publication. doi: 10.1017\/S0954579425100801<\/p><p>Simundic, A., Petrovic, J., Khoury, B., <strong>Geoffroy, M.C.<\/strong>, &amp; Heath, N. (2025). <strong>Evaluating a mindfulness induction for coping with social exclusion in emerging adults who engage in non-suicidal self-injury.<\/strong> <em>Psychological Reports.<\/em> 332941251383508. Advance online publication. doi: 10.1177\/00332941251383508<\/p><p>Zephirin, C., <strong>Geoffroy, M-C.<\/strong>, Szekely, E., Perret, L.C., Boivin, M., Tremblay, R.E., C\u00f4t\u00e9, S.M., &amp; Orri, M. (2025). <strong>Associations of childhood irritability and parenting profiles with youth suicide attempt: a longitudinal person-centered approach.<\/strong> <em>Psychological Medicine,<\/em> <em>55<\/em>, e292. doi: 10.1017\/S003329172510192X<\/p><p>Martinez, P., Chadi, N., Castellanos-Ryan, N., Vergunst, F., Dorais, M., S\u00e9guin, J.R., Vitaro, F., Temcheff, C., Tremblay, R.E., Boivin, M., C\u00f4t\u00e9, S., <strong>Geoffroy, M.C.<\/strong>, &amp; Orri, M. (2025). <strong>Health service use among young adults with a history of adolescent cannabis use: A population-based birth cohort study.<\/strong> <em>JAMA Network Open.<\/em> <em>68<\/em>(Suppl 1), S134\u2013S135. doi: 10.1192\/j.eurpsy.2025.359<\/p><p>Collet, O.A., Orri, M., Gal\u00e9ra, C., Thombs, B., <strong>Geoffroy, M.C.<\/strong>, Trudeau-Ferrin, O., Vitaro, F., Boivin, M., Tremblay, R.E., C\u00f4t\u00e9, S.M. (2025). <strong>Children\u2019s mental health symptoms over three decades (1993-2022): Comparison of population-based cross-sectional samples.<\/strong> <em>European Child &amp; Adolescent Psychiatry.<\/em> Advance online publication. doi: 10.1007\/s00787-025-02854-y<\/p><p>Sciola, A.*, Acland, E., Philippe, F. L., Loose, T.*, Orri, M., Vergunst, F., Ouellet-Morin, I., Castellanos-Ryan, N., Girard, A., Talwar, V., C\u00f4t\u00e9, S., &amp; <strong>Geoffroy, M.C.<\/strong> (2025). <strong>Bidirectional associations between civic engagement, depressive symptoms, and suicidality in youth: A population-based study.<\/strong> <em>Journal of Adolescence.<\/em> doi: 10.1002\/jad.70029<\/p><p>Wong, J., Oncioiu, S.I, Girard, L.C., S\u00e9guin, J.R., C\u00f4t\u00e9, S., Tremblay, R.E., Boivin, M., <strong>Geoffroy, M.C.<\/strong>, &amp; Orri, M. (2025). <strong>Associations between childhood receptive vocabulary and suicide attempt during adolescence and youth adulthood.<\/strong> <em>Journal of Affective Disorder<\/em>. <em>391<\/em>, 119930. doi: 10.1016\/j.jad.2025.119930<\/p><p>Hammond, N., Semchishen, S., <strong>Geoffroy, M.C.,<\/strong> Sikora, L., Wafy, G., Hsueh, L., Khan, H., Edwards, J., Gravel, C., Ferro, M., &amp; Coleman, I. (2025).<strong> Family dynamics and self-harm and suicidality in children and adolescents: A systematic review and meta-analysis. <\/strong><em>The Lancet Psychiatry, 12<\/em>(9), 660\u2013672. doi: 10.1016\/S2215-0366(25)00217-2<\/p><p style=\"color: #000000;\"><span style=\"text-indent: -0.5in;\"><span dir=\"auto\" style=\"vertical-align: inherit;\">Barr, E., Comtois-Cabana, M., Coope, A., C\u00f4t\u00e9, S., Kobor, M., Konwar, C., Lupien, S., <\/span><\/span><span style=\"font-weight: bolder; text-indent: -0.5in;\"><span dir=\"auto\" style=\"vertical-align: inherit;\">Geoffroy, MC, <\/span><\/span><span style=\"text-indent: -0.5in;\"><span dir=\"auto\" style=\"vertical-align: inherit;\">\u00a0Boivin, M., Proven<\/span><\/span><span style=\"text-indent: -0.5in;\"><span dir=\"auto\" style=\"vertical-align: inherit;\">\u00e7al, N., Catherine, NLA, Dennis, JK, &amp; Ouellet-Morin, I. (2025).\u00a0 <\/span><span style=\"font-weight: bold;\"><span dir=\"auto\" style=\"vertical-align: inherit;\">Early-life adversity and epigenetic aging: Findings from a 17-year longitudinal study.\u00a0<\/span><\/span><\/span><i style=\"text-indent: -0.5in;\"><span dir=\"auto\" style=\"vertical-align: inherit;\"> Biomolecules, 15 <\/span><\/i><span style=\"text-indent: -0.5in;\"><span dir=\"auto\" style=\"vertical-align: inherit;\">(6), 887. doi: 10.3390\/biom15060887<\/span><\/span><\/p><p style=\"color: #000000;\"><span style=\"text-indent: -0.5in;\"><span dir=\"auto\" style=\"vertical-align: inherit;\">Sciola, A.*,\u00a0 <\/span><\/span><span style=\"text-indent: -0.5in;\"><span style=\"font-weight: bold;\"><span dir=\"auto\" style=\"vertical-align: inherit;\">Geoffroy, MC<\/span><\/span><span dir=\"auto\" style=\"vertical-align: inherit;\"> , Mazzarello, O., Boruff, J., Talwar, V., &amp; Philippe, F. (2025<\/span><\/span><span style=\"text-indent: -0.5in;\"><span dir=\"auto\" style=\"vertical-align: inherit;\">)<\/span><\/span><span style=\"text-indent: -0.5in;\"><span dir=\"auto\" style=\"vertical-align: inherit;\">. <\/span><span style=\"font-weight: bold;\"><span dir=\"auto\" style=\"vertical-align: inherit;\">Youth civic engagement and mental health: A systematic review. <\/span><\/span><i><span dir=\"auto\" style=\"vertical-align: inherit;\">Adolescent Research Review. <\/span><\/i><\/span>doi: 10.1007\/s40894-025-00267-1<\/p><p style=\"color: #000000;\"><span style=\"text-indent: -0.5in;\"><span dir=\"auto\" style=\"vertical-align: inherit;\">Loose, T.*, Perret, L., Choi, M.,\u00a0 <\/span><\/span><span style=\"font-weight: bold; text-indent: -0.5in;\"><span dir=\"auto\" style=\"vertical-align: inherit;\">Geoffroy, MC <\/span><\/span><span style=\"text-indent: -0.5in;\"><span dir=\"auto\" style=\"vertical-align: inherit;\">, Chon, D., Kim, J., &amp; Ki, M. (2025).\u00a0 <\/span><span style=\"font-weight: bold;\"><span dir=\"auto\" style=\"vertical-align: inherit;\">Suicide ideation during adolescence and predictors for its trajectories: a 6-year follow-up study in Korea.<\/span><\/span>\u00a0<\/span><i style=\"text-indent: -0.5in;\"><span dir=\"auto\" style=\"vertical-align: inherit;\"> Journal of Adolescent Health,\u00a0 <\/span><\/i><span style=\"text-indent: -0.5in;\"><span dir=\"auto\" style=\"vertical-align: inherit;\">Advance online publication. doi: 10.1016\/j.jadohealth.2025.05.014<\/span><\/span><\/p><p style=\"color: #000000;\"><span style=\"text-indent: -0.5in;\"><span lang=\"FR-CA\"><span dir=\"auto\" style=\"vertical-align: inherit;\">Paquin, V., Miconi, D., Aversa, S., Johnson-Lafleur, J.,\u00a0<\/span><\/span><\/span><span lang=\"FR-CA\" style=\"text-indent: -0.5in; color: #424242;\"><span dir=\"auto\" style=\"vertical-align: inherit;\"> C\u00f4t\u00e9, S., <\/span><\/span><span style=\"text-indent: -0.5in;\"><span lang=\"FR-CA\"><span style=\"font-weight: bold;\"><span dir=\"auto\" style=\"vertical-align: inherit;\">\u00a0Geoffroy, MC,\u00a0<\/span><\/span><span dir=\"auto\" style=\"vertical-align: inherit;\"> &amp;\u00a0<\/span><\/span><\/span><span lang=\"FR-CA\" style=\"text-indent: -0.5in;\"><span dir=\"auto\" style=\"vertical-align: inherit;\"> G\u00fcl\u00f6ks\u00fcz, S. (2025).\u00a0 <\/span><\/span><span style=\"text-indent: -0.5in;\"><span style=\"font-weight: bold;\"><span dir=\"auto\" style=\"vertical-align: inherit;\">Social and mental health pathways to institutional trust: a cohort study.\u00a0<\/span><\/span><\/span><i style=\"text-indent: -0.5in;\"><span dir=\"auto\" style=\"vertical-align: inherit;\"> Social Science &amp; Medicine. <\/span><\/i>\u00a0<i style=\"text-indent: -0.5in;\"><span dir=\"auto\" style=\"vertical-align: inherit;\">379<\/span><\/i><span style=\"text-indent: -0.5in;\"><span dir=\"auto\" style=\"vertical-align: inherit;\">, 118199. doi: 10.1016\/j.socscimed.2025.118199<\/span><\/span><\/p><p style=\"color: #000000;\"><span style=\"text-indent: -0.5in;\"><span dir=\"auto\" style=\"vertical-align: inherit;\">Acland, E.*, Pocuca, N., Chaput-Langlois, S., Hamaoui, J., Girard-Lapointe, J., C\u00f4t\u00e9, S., Castellanos-Ryan, N.,\u00a0 <\/span><\/span><span style=\"font-weight: bold; text-indent: -0.5in;\"><span dir=\"auto\" style=\"vertical-align: inherit;\">Geoffroy, MC <\/span><\/span><span style=\"text-indent: -0.5in;\"><span dir=\"auto\" style=\"vertical-align: inherit;\">(2025). <\/span><\/span><span dir=\"auto\" style=\"vertical-align: inherit;\"><span lang=\"EN-US\" style=\"text-indent: -0.5in;\"><span style=\"font-weight: bold;\">Aggression, suicidality, and emotion profiles in youth: links to early life adversity. <\/span><\/span><span lang=\"EN-US\" style=\"text-indent: -0.5in;\"><i>\u00a0Aggressive Behavior.<\/i><\/span><i style=\"text-indent: -0.5in;\"> \u00a051 <\/i><span style=\"text-indent: -0.5in;\">(4), e70038.\u00a0 <\/span><a style=\"color: #0d6efd; text-indent: -0.5in;\" href=\"https:\/\/doi.org\/10.1002\/ab.70038\"><span style=\"color: windowtext;\">doi:10.1002\/ab.70038<\/span><\/a><\/span><span style=\"font-weight: bold; text-indent: -0.5in;\">\u00a0<\/span><i><\/i><i style=\"text-indent: -0.5in;\"><\/i><\/p><p style=\"color: #000000;\"><span style=\"text-indent: -0.5in;\"><span dir=\"auto\" style=\"vertical-align: inherit;\">Spodenkiewicz, M., Inja, A., Cortese, S., Galera, C., Ouellet-Morin, I., C\u00f4t\u00e9, SM, Boivin, M., Vitaro, F., Brengden, M., Dionne, G., Renaud, J., Turecki, G., Ernest, R.,\u00a0 <\/span><\/span><span style=\"font-weight: bold; text-indent: -0.5in;\"><span dir=\"auto\" style=\"vertical-align: inherit;\">Geoffroy, MC <\/span><\/span><span style=\"text-indent: -0.5in;\"><span dir=\"auto\" style=\"vertical-align: inherit;\">., &amp; Orri, M. (2025).\u00a0 <\/span><span style=\"font-weight: bold;\"><span dir=\"auto\" style=\"vertical-align: inherit;\">Association of hyperactivity-impulsivity and inattention symptoms profiles with suicide attempt: an 18-year population-based cohort study.\u00a0<\/span><\/span><\/span><i style=\"text-indent: -0.5in;\"><span dir=\"auto\" style=\"vertical-align: inherit;\"> BMJ Mental Health<em>, 28<\/em><\/span><\/i><span dir=\"auto\" style=\"vertical-align: inherit;\">(1), e301725. doi<\/span><span dir=\"auto\" style=\"vertical-align: inherit;\">: 10.1136\/bmjment-2025-301725<\/span><\/p><p style=\"color: #000000;\"><span style=\"text-indent: -0.5in;\"><span dir=\"auto\" style=\"vertical-align: inherit;\">Orri, M., Morneau-Vaillancourt, G., Ouellet-Morin, I., Cortese, S., Galera, C., Voronin, I., Vitaro, F., Brendgen, MR, Dionne, G., Paquin, <\/span><span dir=\"auto\" style=\"vertical-align: inherit;\">S., Forte, A., Turecki, G., Tremblay, RE, C\u00f4t\u00e9, SM,\u00a0 <\/span><\/span><span style=\"font-weight: bold; text-indent: -0.5in;\"><span dir=\"auto\" style=\"vertical-align: inherit;\">Geoffroy, MC <\/span><\/span><span style=\"text-indent: -0.5in;\"><span dir=\"auto\" style=\"vertical-align: inherit;\">, &amp; Boivin, M. (2025).\u00a0 <\/span><span style=\"font-weight: bold;\"><span dir=\"auto\" style=\"vertical-align: inherit;\">Joint contribution of polygenic scores for depression and attention-deficit hyperactivity disorder to youth suicidal ideation and attempt.\u00a0<\/span><\/span><\/span><i style=\"text-indent: -0.5in;\"><span dir=\"auto\" style=\"vertical-align: inherit;\"> Molecular Psychiatry.\u00a0 <\/span><\/i><span style=\"text-indent: -0.5in;\"><span dir=\"auto\" style=\"vertical-align: inherit;\">Advance online publication. <\/span><\/span><span dir=\"auto\" style=\"vertical-align: inherit;\"><span style=\"text-indent: -0.5in;\">doi:10.1038\/s41380-025-02989-z<\/span><\/span><i style=\"text-indent: -0.5in;\">\u00a0<\/i><\/p><p style=\"color: #000000;\"><span style=\"text-indent: -0.5in;\"><span dir=\"auto\" style=\"vertical-align: inherit;\">Blair, D.L., Kingsbury, M., Eccles, H., Akther, A., Siddiqi, S., Condran, G., Obeegadoo, I., Murray, J.,\u00a0 <\/span><\/span><span style=\"font-weight: bold; text-indent: -0.5in;\"><span dir=\"auto\" style=\"vertical-align: inherit;\">Geoffroy, MC <\/span><\/span><span style=\"text-indent: -0.5in;\"><span dir=\"auto\" style=\"vertical-align: inherit;\">, Menezes, AMB, Sikora, L., &amp; Colman, I. (2025).\u00a0 <\/span><span style=\"font-weight: bold;\"><span dir=\"auto\" style=\"vertical-align: inherit;\">Adverse childhood experiences and suicidality in low-income and middle-income countries: a systematic review and meta-analysis.<\/span><\/span>\u00a0<\/span><i style=\"text-indent: -0.5in;\"><span dir=\"auto\" style=\"vertical-align: inherit;\"> BMJ Global Health. 10 <\/span><\/i><span style=\"text-indent: -0.5in;\"><span dir=\"auto\" style=\"vertical-align: inherit;\">(5), e018129. doi:10.1136\/bmjgh-2024-018129<\/span><\/span><\/p><p style=\"color: #000000;\"><span style=\"font-weight: bold; text-indent: -0.5in;\"><u><span dir=\"auto\" style=\"vertical-align: inherit;\">Geoffroy, M.-C.<\/span><\/u><\/span><span style=\"text-indent: -0.5in;\"><span dir=\"auto\" style=\"vertical-align: inherit;\"> , MacNeil, S.*, Paquin, V.*, Inja, A., Girard, A., Chartrand, \u00c9., Castellanos-Ryan, N., Notredame, C.-\u00c9., Colman, I., Orri, M., Turecki, G., &amp; C\u00f4t\u00e9, SM (2025).\u00a0 <\/span><\/span><span style=\"font-weight: bold;\"><span style=\"text-indent: -0.5in;\"><span dir=\"auto\" style=\"vertical-align: inherit;\">Mental health antecedents and correlates of 2 distinct developmental pathways to suicidal ideation. <\/span><\/span>\u00a0<\/span><i style=\"text-indent: -0.5in;\"><span lang=\"FR-CA\"><span dir=\"auto\" style=\"vertical-align: inherit;\">JAMA Psychiatry,\u00a0<\/span><\/span><\/i><span style=\"text-indent: -0.5in;\"><span dir=\"auto\" style=\"vertical-align: inherit;\"> e251273. Advance online publication. doi: 10.1001\/jamapsychiatry.2025.1273<\/span><\/span><\/p><p style=\"color: #000000;\"><span lang=\"FR-CA\" style=\"text-indent: -0.5in;\"><span dir=\"auto\" style=\"vertical-align: inherit;\">Carrier, JD*,\u00a0 <\/span><span style=\"font-weight: bold;\"><span dir=\"auto\" style=\"vertical-align: inherit;\">Geoffroy, MC<\/span><\/span><span dir=\"auto\" style=\"vertical-align: inherit;\"> , Walter, M., Dumont, K., Orri, M., Berrouiguet, S., Lemey, C., S\u00e9guin, M. (2025). <\/span><span style=\"font-weight: bold;\"><span dir=\"auto\" style=\"vertical-align: inherit;\">Outcome evaluation of a multimodal suicide prevention program designed through international collaboration: a controlled interrupted time series study protocol.\u00a0<\/span><\/span><\/span><i style=\"text-indent: -0.5in;\"><span dir=\"auto\" style=\"vertical-align: inherit;\"> JMIR Research Protocols, 14, <\/span><\/i><span dir=\"auto\" style=\"vertical-align: inherit;\">e66976. doi: 10.2196\/66976<\/span><\/p><p style=\"color: #000000;\"><span style=\"text-indent: -0.5in;\"><span dir=\"auto\" style=\"vertical-align: inherit;\">Fry, Z., Mendrek, A., Crooks, J., Gilbert, M., Montanez, J, L\u00e9ger-Goodes, T., Lefran\u00e7ois, D., Smith, J., Maltais, N.,\u00a0 <\/span><\/span><span style=\"font-weight: bold; text-indent: -0.5in;\"><span dir=\"auto\" style=\"vertical-align: inherit;\">Geoffroy, MC <\/span><\/span><span style=\"text-indent: -0.5in;\"><span dir=\"auto\" style=\"vertical-align: inherit;\">, \u00c9thier, MA, Michaud, O., &amp; Malboeuf-Hurtubise, C. (2025). <\/span><span style=\"font-weight: bold;\"><span dir=\"auto\" style=\"vertical-align: inherit;\">\u201cWhat is the point of it all if we are just going to die anyway?\u201d: Exploring Heideggerian concepts of &#8216;developing-towards-death&#8217; with children using arts-based existential therapy.<\/span><\/span> <\/span><i style=\"text-indent: -0.5in;\"><span dir=\"auto\" style=\"vertical-align: inherit;\">The Journal of Positive Psychology<\/span><\/i><span style=\"text-indent: -0.5in;\"><span dir=\"auto\" style=\"vertical-align: inherit;\">, 1\u201312. doi:10.1080\/17439760.2025.2487439<\/span><\/span><\/p><p style=\"color: #000000;\"><span dir=\"auto\" style=\"vertical-align: inherit;\">Vergunst, F., Orri, M., Forte, A., &amp; <span style=\"font-weight: bold; text-indent: -48px;\">Geoffroy, MC\u00a0 <\/span><span style=\"text-indent: -48px;\"><span style=\"vertical-align: inherit;\">(2025).\u00a0 <\/span><\/span><span style=\"text-indent: -48px;\"><span style=\"font-weight: bold;\"><span style=\"vertical-align: inherit;\">Links between climate change and suicidal behavior risks.\u00a0<\/span><\/span><\/span><i style=\"text-indent: -48px;\"> Nature Medicine<\/i><span style=\"text-indent: -48px;\">.\u00a0 <\/span><span style=\"text-indent: -48px;\"><i>31<\/i><\/span><span style=\"text-indent: -48px;\"> (5),\u00a0 <\/span><span style=\"text-indent: -48px;\">1391-1393 <\/span><span style=\"text-indent: -48px;\">https:\/\/doi.org\/10.1038\/s41591-025-03528-7<\/span><\/span><span style=\"text-indent: -48px;\">\u00a0<\/span><i style=\"text-indent: -48px;\"><\/i><i><\/i><span style=\"font-family: 'Times New Roman', serif; font-size: 12pt;\">\u00a0<\/span><\/p><p style=\"color: #000000;\"><span style=\"background-color: var(--bs-body-bg); text-indent: -48px;\"><span dir=\"auto\" style=\"vertical-align: inherit;\"><span dir=\"auto\" style=\"vertical-align: inherit;\">La<\/span><\/span><\/span><span style=\"background-color: var(--bs-body-bg); text-indent: -48px;\"><span dir=\"auto\" style=\"vertical-align: inherit;\"><span dir=\"auto\" style=\"vertical-align: inherit;\">ngevin, R., Ouellet-Morin, I., Kay, S., Chartrand, E., Castellanos-Ryan, N., Collin-V<\/span><\/span><\/span><span style=\"text-indent: -48px; background-color: var(--bs-body-bg);\"><span dir=\"auto\" style=\"vertical-align: inherit;\"><span dir=\"auto\" style=\"vertical-align: inherit;\">\u00e9zina, D., &amp;\u00a0 <\/span><\/span><u><span style=\"font-weight: bold;\"><span dir=\"auto\" style=\"vertical-align: inherit;\"><span dir=\"auto\" style=\"vertical-align: inherit;\">Geoffroy, MC<\/span><\/span><\/span><\/u><span dir=\"auto\" style=\"vertical-align: inherit;\"><span dir=\"auto\" style=\"vertical-align: inherit;\"> \u00a0(2025).\u00a0 <\/span><\/span><span style=\"font-weight: bold;\"><span dir=\"auto\" style=\"vertical-align: inherit;\"><span dir=\"auto\" style=\"vertical-align: inherit;\">Construct validity of probable child maltreatment indicators using prospectively recorded information in a longitudinal cohort of Canadian children.\u00a0 <\/span><\/span><\/span><i><span dir=\"auto\" style=\"vertical-align: inherit;\"><span dir=\"auto\" style=\"vertical-align: inherit;\">Child Abuse &amp; Neglect, 161<\/span><\/span><\/i><\/span><span dir=\"auto\" style=\"vertical-align: inherit;\"><span style=\"background-color: var(--bs-body-bg); text-indent: -48px; color: var(--black);\"><span dir=\"auto\" style=\"vertical-align: inherit;\"> , <\/span><\/span><span style=\"text-indent: -48px; background-color: var(--bs-body-bg);\"><span dir=\"auto\" style=\"vertical-align: inherit;\">\u00a0107300.\u00a0 <\/span><\/span><\/span><span style=\"text-indent: -48px; background-color: var(--bs-body-bg);\"><span dir=\"auto\" style=\"vertical-align: inherit;\"><span dir=\"auto\" style=\"vertical-align: inherit;\">https:\/\/doi.org\/10.1016\/j.chiabu.2025.107300<\/span><\/span><\/span><span style=\"color: var(--black); background-color: var(--bs-body-bg); text-indent: -48px;\"><a href=\"https:\/\/mcgeoffroy.ca\/wp-content\/uploads\/2025\/04\/Langevin-et-al.-2025.pdf\">\u00a0<\/a><\/span><a href=\"https:\/\/mcgeoffroy.ca\/wp-content\/uploads\/2025\/04\/Langevin-et-al.-2025.pdf\"><span style=\"background-color: var(--bs-body-bg); text-indent: -48px;\">\u00a0<\/span><span style=\"background-color: var(--bs-body-bg);\"><img decoding=\"async\" style=\"color: #0b443f; font-family: Roboto, sans-serif; background-color: var(--bs-body-bg); font-size: var(--bs-body-font-size);\" src=\"https:\/\/mcgeoffroy.ca\/wp-content\/uploads\/2023\/10\/pdf.png\" \/><\/span><\/a><\/p><p style=\"color: #000000;\"><span style=\"text-indent: -48px; background-color: var(--bs-body-bg);\"><span dir=\"auto\" style=\"vertical-align: inherit;\">Guindon, J.*, Spodenkiewicz, M., Beland, K., Corbeil, S., Dumont, K., Notredame, CE, Blondin, RA, Bedard, M., Shaw, S., S<\/span><\/span><span style=\"text-indent: -48px; background-color: var(--bs-body-bg);\"><span dir=\"auto\" style=\"vertical-align: inherit;\">\u00e9guin, M., &amp; <\/span><span style=\"text-decoration: underline;\"><b><span dir=\"auto\" style=\"vertical-align: inherit;\">Geoffroy, MC<\/span><\/b><\/span><span dir=\"auto\" style=\"vertical-align: inherit;\"> (2025). <strong>Current state of suicide risk assessment and management training for clinically oriented psychology graduate students in Quebec, Canada: A mixed-methods study.<\/strong> Canadian <em>Journal of Psychology<\/em>. Advance online publication<em>. <\/em>doi: 10.1037\/cap0000444<\/span><\/span><\/p><\/div>\n\t\t\t\t<\/div>\n\t\t\t\t\t\t\t<div class=\"elementor-accordion-item\">\n\t\t\t\t\t<div id=\"elementor-tab-title-1803\" class=\"elementor-tab-title\" data-tab=\"3\" role=\"button\" aria-controls=\"elementor-tab-content-1803\" aria-expanded=\"false\">\n\t\t\t\t\t\t\t\t\t\t\t\t\t<span class=\"elementor-accordion-icon elementor-accordion-icon-right\" aria-hidden=\"true\">\n\t\t\t\t\t\t\t\t\t\t\t\t\t\t\t<span class=\"elementor-accordion-icon-closed\"><i class=\"fas fa-plus\"><\/i><\/span>\n\t\t\t\t\t\t\t\t<span class=\"elementor-accordion-icon-opened\"><i class=\"fas fa-minus\"><\/i><\/span>\n\t\t\t\t\t\t\t\t\t\t\t\t\t\t<\/span>\n\t\t\t\t\t\t\t\t\t\t\t\t<a class=\"elementor-accordion-title\" tabindex=\"0\">2024<\/a>\n\t\t\t\t\t<\/div>\n\t\t\t\t\t<div id=\"elementor-tab-content-1803\" class=\"elementor-tab-content elementor-clearfix\" data-tab=\"3\" role=\"region\" aria-labelledby=\"elementor-tab-title-1803\"><p style=\"margin-top: 0in; background-image: initial; background-position: initial; background-size: initial; background-repeat: initial; background-attachment: initial; background-origin: initial; background-clip: initial;\"><span style=\"color: var(--black); text-indent: -0.5in; background-color: var(--bs-body-bg);\">Hammond, N., Gravel, C., Ferro, M., Landry, H.,\u00a0<\/span><span style=\"font-weight: bold; color: var(--black); text-indent: -0.5in; background-color: var(--bs-body-bg);\">Geoffroy, M.C.<\/span><span style=\"color: var(--black); text-indent: -0.5in; background-color: var(--bs-body-bg);\">, Racine, N., &amp; Colman, I. (2024). <b>The relationship between family dynamics and help-seeking and disclosure of adolescent self-harm and suicidality: A population-representative.<\/b>\u00a0<\/span><i style=\"color: var(--black); text-indent: -0.5in; background-color: var(--bs-body-bg);\">Canadian Journal of Psychiatry.\u00a0<\/i><span style=\"text-indent: -0.5in;\"><i>70<\/i>(5), 404-413<\/span><span style=\"text-indent: -0.5in;\">.<\/span><span style=\"color: var(--black); text-indent: -0.5in; background-color: var(--bs-body-bg);\">\u00a0<\/span><span style=\"text-indent: -48px; background-color: var(--bs-body-bg);\">https:\/\/doi.org\/<\/span><span style=\"color: var(--black); background-color: var(--bs-body-bg); text-indent: -0.5in;\">10.1177\/07067437251315526<\/span><a href=\"https:\/\/mcgeoffroy.ca\/wp-content\/uploads\/2025\/04\/Hammond-et-al.-2025.pdf\"><span style=\"background-color: var(--bs-body-bg); text-indent: -48px;\">\u00a0<\/span><span style=\"background-color: var(--bs-body-bg);\"><img decoding=\"async\" style=\"color: #0b443f; font-family: Roboto, sans-serif; background-color: var(--bs-body-bg); font-size: var(--bs-body-font-size);\" src=\"https:\/\/mcgeoffroy.ca\/wp-content\/uploads\/2023\/10\/pdf.png\" \/><\/span><\/a><\/p><p style=\"margin-top: 0in; background-image: initial; background-position: initial; background-size: initial; background-repeat: initial; background-attachment: initial; background-origin: initial; background-clip: initial;\"><span lang=\"FR-CA\" style=\"color: var(--black); background-color: var(--bs-body-bg); text-indent: -48px;\">Larose, S., Bationo, N. JC.,\u00a0<span style=\"font-weight: bold;\">Geoffroy, M.C.<\/span>, Beaulieu, C., &amp;\u00a0<\/span><span style=\"text-indent: -48px; background-color: var(--bs-body-bg);\">C\u00f4t\u00e9, S. (2024). <b>Stress, coping, and academic functioning during COVID-19: A longitudinal study of students with and without disabilities.<\/b>\u00a0<i>Journal of Postsecondary Education and Disability.<\/i><\/span><\/p><p style=\"margin-top: 0in; background-image: initial; background-position: initial; background-size: initial; background-repeat: initial; background-attachment: initial; background-origin: initial; background-clip: initial;\"><span lang=\"FR-CA\" style=\"color: var(--black); background-color: var(--bs-body-bg); text-indent: -48px;\">Ouellet-Morin, I., Cantave, C.Y., Ruttle, P.L.,\u00a0<\/span><span style=\"text-indent: -48px; background-color: var(--bs-body-bg);\">C\u00f4t\u00e9, S.M., Lupien, S., <b>Geoffroy, M.C.<\/b>, Vitaro, F., Brendgen, M., Tremblay, R., &amp; Boivin, M. (2024). <b>Body mass index across development and adolescent hair cortisol: the role of persistence, variability, and timing of exposure.<\/b> <i>International Journal of Obesity.<\/i>\u00a0<\/span><i style=\"background-color: var(--bs-body-bg); text-indent: -48px;\">49,<\/i><span style=\"background-color: var(--bs-body-bg); text-indent: -48px;\">\u00a0125-132.\u00a0<\/span><span style=\"color: var(--black); background-color: var(--bs-body-bg);\">https:\/\/doi.org\/<\/span><span style=\"color: var(--black); background-color: var(--bs-body-bg); text-indent: -48px;\">10.1038\/s41366-024-01640-1<\/span><\/p><p style=\"margin-top: 0in; background-image: initial; background-position: initial; background-size: initial; background-repeat: initial; background-attachment: initial; background-origin: initial; background-clip: initial;\"><span lang=\"FR-CA\" style=\"color: var(--black); background-color: var(--bs-body-bg); text-indent: -48px;\">Morneau-Vaillancourt, G., Orri, M., Ouellet-Morin, I., <b>Geoffroy, M.C.<\/b>, &amp; Boivin, M. (2024). <b>A longitudinal study of adolescent pathways differentiating suicide ideation and attempt in early adulthood. <\/b><i>Journal of Adolescence. 97<\/i>(2), 395-408.<b>\u00a0<\/b><\/span><span style=\"background-color: var(--bs-body-bg);\">https:\/\/doi.org\/<\/span><span style=\"background-color: var(--bs-body-bg); color: var(--black); text-indent: -48px;\">10.1002\/jad.12427<\/span><a style=\"background-color: var(--bs-body-bg);\" href=\"https:\/\/mcgeoffroy.ca\/wp-content\/uploads\/2025\/01\/Morneau_Vaillancourt-al.-2024_A-longitudinal-study-of-adolescent-pathways-differentiating-suicide-ideation-and-attempt-in-early-adulthood.pdf\"><span style=\"background-color: var(--bs-body-bg); text-indent: -48px;\">\u00a0<\/span><span style=\"background-color: var(--bs-body-bg);\"><img decoding=\"async\" style=\"color: #0b443f; font-family: Roboto, sans-serif; background-color: var(--bs-body-bg); font-size: var(--bs-body-font-size);\" src=\"https:\/\/mcgeoffroy.ca\/wp-content\/uploads\/2023\/10\/pdf.png\" \/><\/span><\/a><\/p><p style=\"margin-top: 0in; background-image: initial; background-position: initial; background-size: initial; background-repeat: initial; background-attachment: initial; background-origin: initial; background-clip: initial;\"><span lang=\"FR-CA\" style=\"color: var(--black); background-color: var(--bs-body-bg); text-indent: -48px;\">Eccles, H., Kingsbury, M., Murray, J.,\u00a0<span style=\"font-weight: bold;\">Geoffroy, M.C.<\/span>, Menezes, A.M.B., Blair, D.L., Calegaro, G., Wehrmeister, F.C., Gon<\/span><span style=\"color: var(--black); text-indent: -48px; background-color: var(--bs-body-bg);\">\u00e7alves, H., &amp; Colman, I. (2024).\u00a0<span style=\"font-weight: bold;\">Perinatal factors and their association with early-adulthood suicidal behaviour in a Brazilian birth cohort.\u00a0<\/span><i>Archives of Suicide Research. <\/i>1-16.\u00a0<\/span><span style=\"background-color: var(--bs-body-bg);\">https:\/\/doi.org\/<\/span><span style=\"background-color: var(--bs-body-bg); color: var(--black); text-indent: -48px;\">10.1080\/13811118.2024.2405737<\/span><\/p><p style=\"margin-top: 0in; background-image: initial; background-position: initial; background-size: initial; background-repeat: initial; background-attachment: initial; background-origin: initial; background-clip: initial;\"><span lang=\"FR-CA\" style=\"text-indent: -48px;\">Vergunst, F., Prentice, C.M., Orri, M., Berry, H.L., Paquin, V., Vitaro, F., Tremblay, R.E., C\u00f4t\u00e9, S.M. &amp;\u00a0<span style=\"font-weight: bold;\"><u>Geoffroy M.C.<\/u><\/span>\u00a0(2024).\u00a0<span style=\"font-weight: bold;\">Association of youth climate worry with current and past mental health symptoms: A longitudinal population-based study.<\/span><i>\u00a0<\/i><i><span lang=\"FR\">Climatic Change.\u00a0<\/span><\/i><i style=\"background-color: var(--bs-body-bg);\">177<\/i><span style=\"background-color: var(--bs-body-bg);\">, 153.\u00a0<\/span><\/span><span style=\"background-color: var(--bs-body-bg);\">https:\/\/doi.org\/<\/span><span style=\"background-color: var(--bs-body-bg); text-indent: -48px; color: var(--black);\">10.1007\/s10584-024-03807-01<\/span><a style=\"background-color: var(--bs-body-bg);\" href=\"https:\/\/mcgeoffroy.ca\/wp-content\/uploads\/2025\/01\/Vergunst-al.-2024_Association-of-youth-climate-change-worry-with-present-and-past-mental-health-symptoms.pdf\"><span style=\"background-color: var(--bs-body-bg); text-indent: -48px;\">\u00a0<\/span><span style=\"background-color: var(--bs-body-bg);\"><img decoding=\"async\" style=\"color: #0b443f; font-family: Roboto, sans-serif; background-color: var(--bs-body-bg); font-size: var(--bs-body-font-size);\" src=\"https:\/\/mcgeoffroy.ca\/wp-content\/uploads\/2023\/10\/pdf.png\" \/><\/span><\/a><\/p><p style=\"margin-top: 0in; background-image: initial; background-position: initial; background-size: initial; background-repeat: initial; background-attachment: initial; background-origin: initial; background-clip: initial;\"><span lang=\"FR-CA\" style=\"text-indent: -48px;\">Larose, S., Litalien, D., Boisclair-Ch\u00e2teauvert, G.,\u00a0<span style=\"font-weight: bold;\">Geoffroy,\u00a0M.C.<\/span>, &amp; C\u00f4t\u00e9, S. (2024).\u00a0<\/span><span style=\"font-weight: bold;\"><span style=\"text-indent: -48px;\">Vulnerability factors\u00a0<\/span><span style=\"text-indent: -48px;\">associated with college adjustment trajectories during the first wave of the\u00a0<\/span><span style=\"text-indent: -48px;\">COVID-19 pandemic<\/span><\/span><span lang=\"EN-US\" style=\"text-indent: -48px;\"><span style=\"font-weight: bold;\">.<\/span>\u00a0<\/span><i style=\"text-indent: -48px;\">International Journal of Higher Education. 13<\/i><span style=\"text-indent: -48px;\">(5), Article 5.\u00a0<\/span><span style=\"background-color: var(--bs-body-bg);\">https:\/\/doi.org\/<\/span><span style=\"text-indent: -48px; color: var(--black); background-color: var(--bs-body-bg);\">10.5430\/ijhe.v13n5p1\u00a0<\/span><a style=\"background-color: var(--bs-body-bg);\" href=\"https:\/\/mcgeoffroy.ca\/wp-content\/uploads\/2025\/01\/Larose-al.-2024_Vulnerability-factors-associated-with-college-adjustment-trajectories-during-the-first-wave-of-the-COVID-19-pandemic.pdf\"><span style=\"background-color: var(--bs-body-bg); text-indent: -48px;\">\u00a0<\/span><span style=\"background-color: var(--bs-body-bg);\"><img decoding=\"async\" style=\"color: #0b443f; font-family: Roboto, sans-serif; background-color: var(--bs-body-bg); font-size: var(--bs-body-font-size);\" src=\"https:\/\/mcgeoffroy.ca\/wp-content\/uploads\/2023\/10\/pdf.png\" \/><\/span><\/a><\/p><p style=\"margin-top: 0in; background-image: initial; background-position: initial; background-size: initial; background-repeat: initial; background-attachment: initial; background-origin: initial; background-clip: initial;\"><span style=\"text-indent: -48px;\">Eccles, H., Abramovich, A., Patte,\u00a0<\/span><span style=\"text-indent: -48px;\">K.A., Elton-Marshall, T., Racine, N., Ferro, M.A., Edwards, J., Anderson, K.K.,\u00a0<\/span><span style=\"text-indent: -48px;\">Afifi, T.O.,\u00a0<\/span><span style=\"font-weight: bold; text-indent: -48px;\">Geoffroy, M.C.<\/span><span style=\"text-indent: -48px;\">, Kingsbury, M., &amp; Colman, I. (2024).\u00a0<\/span><span style=\"text-indent: -48px;\"><span style=\"font-weight: bold;\">Mental disorders and suicidality in transgender and gender diverse people.\u00a0<\/span><\/span><i style=\"text-indent: -48px;\">JAMA Network Open.\u00a0<\/i><i style=\"background-color: var(--bs-body-bg); text-indent: -48px;\">7<\/i><span style=\"background-color: var(--bs-body-bg); text-indent: -48px;\">(10), e2436883.\u00a0<\/span><span style=\"background-color: var(--bs-body-bg);\">https:\/\/doi.org\/<\/span><span style=\"background-color: var(--bs-body-bg); text-indent: -48px; color: var(--black);\">10.1001\/jamanetworkopen.2024.36883<\/span><a style=\"background-color: var(--bs-body-bg);\" href=\"https:\/\/mcgeoffroy.ca\/wp-content\/uploads\/2025\/01\/Eccles-al.-2024_Mental-disorders-and-suicidality-in-transgender-and-gender-diverse-people.pdf\"><span style=\"background-color: var(--bs-body-bg); text-indent: -48px;\">\u00a0<\/span><span style=\"background-color: var(--bs-body-bg);\"><img decoding=\"async\" style=\"color: #0b443f; font-family: Roboto, sans-serif; background-color: var(--bs-body-bg); font-size: var(--bs-body-font-size);\" src=\"https:\/\/mcgeoffroy.ca\/wp-content\/uploads\/2023\/10\/pdf.png\" \/><\/span><\/a><\/p><p style=\"margin-top: 0in; background-image: initial; background-position: initial; background-size: initial; background-repeat: initial; background-attachment: initial; background-origin: initial; background-clip: initial;\"><span style=\"text-indent: -48px;\">Scardera, S.,\u00a0<\/span><span style=\"font-weight: bold; text-indent: -48px;\"><u>Geoffroy, M.C.<\/u><\/span><u style=\"text-indent: -48px;\">,\u00a0<\/u><span style=\"text-indent: -48px;\">Langevin, R., Perret, L.C., Collin-Vezina, D., Voronin, I., Gouin, J.P., Meng,\u00a0<\/span><span style=\"text-indent: -48px;\">X., Boivin, M., &amp; Ouellet-Morin, I. (2024).\u00a0<span style=\"font-weight: bold;\">Prediction of depressive symptoms in young adults by polygenic score\u00a0<\/span><\/span><span style=\"text-indent: -48px;\"><span style=\"font-weight: bold;\">and childhood maltreatment: Results from a population-based birth cohort<\/span><\/span><span style=\"text-indent: -48px; color: #212121;\"><span style=\"font-weight: bold;\">.\u00a0<\/span><i>Development and Psychopathology.\u00a0<\/i><\/span><span style=\"color: #212121; text-indent: -48px; background-color: var(--bs-body-bg);\">1-12. Advance online publication.\u00a0<\/span><span style=\"background-color: var(--bs-body-bg);\">https:\/\/doi.org\/<\/span><span style=\"background-color: var(--bs-body-bg); color: #212121; text-indent: -48px;\">10.1017\/S0954579424001688<\/span><a style=\"background-color: var(--bs-body-bg);\" href=\"https:\/\/mcgeoffroy.ca\/wp-content\/uploads\/2025\/01\/Scardera-al.-2024_Prediction-of-depressive-symptoms-in-young-adults-by-polygenic-score-and-childhood-maltreatment-Results.pdf\"><span style=\"background-color: var(--bs-body-bg); text-indent: -48px;\">\u00a0<\/span><span style=\"background-color: var(--bs-body-bg);\"><img decoding=\"async\" style=\"color: #0b443f; font-family: Roboto, sans-serif; background-color: var(--bs-body-bg); font-size: var(--bs-body-font-size);\" src=\"https:\/\/mcgeoffroy.ca\/wp-content\/uploads\/2023\/10\/pdf.png\" \/><\/span><\/a><\/p><p style=\"margin-top: 0in; background-image: initial; background-position: initial; background-size: initial; background-repeat: initial; background-attachment: initial; background-origin: initial; background-clip: initial;\">Loose, T.,\u00a0<span style=\"text-indent: -48px; background-color: var(--bs-body-bg);\">Fuoco, J., Malboeuf-Hurtubise, C., Ayotte-Beaudet, J.-P., Gauvin, L., Chadi, N., Ouellet-Morin, I., M\u00e2sse, B., C\u00f4t\u00e9, S. M., &amp;\u00a0<u><span style=\"font-weight: bold;\">Geoffroy, M.C.<\/span><\/u>\u00a0(2024).\u00a0<\/span><span style=\"text-indent: -48px; background-color: var(--bs-body-bg);\"><span style=\"font-weight: bold;\">A nature-based intervention and mental health of schoolchildren:\u00a0<\/span><\/span><span style=\"font-weight: bold;\"><span style=\"text-indent: -48px; background-color: var(--bs-body-bg);\">A\u00a0<\/span><span style=\"background-color: var(--bs-body-bg); text-indent: -48px;\">cluster randomized trial.<\/span><\/span><span style=\"font-weight: bold;\"><span style=\"background-color: var(--bs-body-bg); text-indent: -48px;\">\u00a0<\/span><\/span><i style=\"background-color: var(--bs-body-bg); text-indent: -48px;\">JAMA Network Open.\u00a0<\/i><i style=\"background-color: var(--bs-body-bg); text-indent: -48px;\">7<\/i><span style=\"background-color: var(--bs-body-bg); text-indent: -48px;\">(11), e2444824.\u00a0<\/span><span style=\"background-color: var(--bs-body-bg);\">https:\/\/doi.org\/<\/span><span style=\"background-color: var(--bs-body-bg); text-indent: -48px; color: var(--black);\">10.1001\/jamanetworkopen.2024.44824<\/span><span style=\"background-color: var(--bs-body-bg); text-indent: -48px;\"><a href=\"https:\/\/mcgeoffroy.ca\/wp-content\/uploads\/2025\/01\/Loose-al.-2024_A-nature-based-intervention-and-mental-health-of-schoolchildren-a-cluster-randomized-clinical-trial.pdf\">\u00a0<\/a><\/span><span style=\"background-color: var(--bs-body-bg);\"><a href=\"https:\/\/mcgeoffroy.ca\/wp-content\/uploads\/2025\/01\/Loose-al.-2024_A-nature-based-intervention-and-mental-health-of-schoolchildren-a-cluster-randomized-clinical-trial.pdf\"><img decoding=\"async\" style=\"color: #0b443f; font-family: Roboto, sans-serif; background-color: var(--bs-body-bg); font-size: var(--bs-body-font-size);\" src=\"https:\/\/mcgeoffroy.ca\/wp-content\/uploads\/2023\/10\/pdf.png\" \/><\/a><\/span><\/p><p style=\"margin-top: 0in; background-image: initial; background-position: initial; background-size: initial; background-repeat: initial; background-attachment: initial; background-origin: initial; background-clip: initial;\">Gunther, O., Garneau, M.,\u00a0<span style=\"font-weight: bold;\">Geoffroy, M.C.<\/span>,\u00a0<span style=\"text-indent: -48px; background-color: var(--bs-body-bg);\">Martin-Storey, A., Latimer, E., D\u00e9ry, M., &amp; Temcheff, C. E.\u00a0<\/span><span style=\"text-indent: -48px; background-color: var(--bs-body-bg);\">(2024).\u00a0<span style=\"font-weight: bold;\">Comparison of concordance and predictive validity of head injuries from\u00a0<\/span><\/span><span style=\"background-color: var(--bs-body-bg); text-indent: -48px;\"><span style=\"font-weight: bold;\">parental reports and medical records.<\/span>\u00a0<\/span><i style=\"background-color: var(--bs-body-bg); text-indent: -48px;\">Brain injury<\/i><span style=\"background-color: var(--bs-body-bg); text-indent: -48px;\">,\u00a0<\/span><span style=\"text-indent: -48px;\">38(14), 1220-1226.<\/span><span style=\"background-color: var(--bs-body-bg); text-indent: -48px;\">\u00a0Advance\u00a0<\/span><span style=\"text-indent: -48px; background-color: var(--bs-body-bg);\">online publication.\u00a0<\/span><span style=\"background-color: var(--bs-body-bg);\">https:\/\/doi.org\/<\/span><span style=\"background-color: var(--bs-body-bg); text-indent: -48px; color: var(--black);\">10.1080\/02699052.2024.2381046<\/span><\/p><p style=\"margin-top: 0in; background-image: initial; background-position: initial; background-size: initial; background-repeat: initial; background-attachment: initial; background-origin: initial; background-clip: initial;\">Fliaguine, O.,\u00a0<span style=\"color: var(--black); text-indent: -0.5in; background-color: var(--bs-body-bg);\">Thuot-Jolicoeur, A., Poulin, F., Denault, A. S., Robitaille, J.,\u00a0<\/span><span style=\"color: var(--black); text-indent: -0.5in; background-color: var(--bs-body-bg);\">Geoffroy, M.C.,<\/span><span style=\"font-weight: bold; color: var(--black); text-indent: -0.5in; background-color: var(--bs-body-bg);\">\u00a0<\/span><span style=\"color: var(--black); text-indent: -0.5in; background-color: var(--bs-body-bg);\">&amp;<\/span><span style=\"font-weight: bold; color: var(--black); text-indent: -0.5in; background-color: var(--bs-body-bg);\">\u00a0<\/span><span style=\"color: var(--black); text-indent: -0.5in; background-color: var(--bs-body-bg);\">Philippe, F. (2024).\u00a0<\/span><span style=\"color: var(--black); text-indent: -0.5in; background-color: var(--bs-body-bg);\"><span style=\"font-weight: bold;\">Associations between parental civic engagement, negative beliefs towards civic engagement and youths\u2019 future civic attitudes and behaviors<\/span><\/span><span style=\"text-indent: -0.5in; background-color: var(--bs-body-bg); color: #212121;\"><span style=\"font-weight: bold;\">.<\/span>\u00a0<i>Journal of Adolescence.\u00a0<\/i>1-12.\u00a0<\/span>https:\/\/doi.org\/<span style=\"text-indent: -0.5in; background-color: var(--bs-body-bg); color: #212121;\">10.1002\/jad.12379.<\/span><a style=\"background-color: var(--bs-body-bg);\" href=\"https:\/\/mcgeoffroy.ca\/wp-content\/uploads\/2025\/01\/Fliaguine-al.-2024_Associations-between-parental-civic-engagement-negative-beliefs-towards-civic-engagement-and-youths-future-civic-attitudes-and-behaviors.pdf\"><span style=\"color: var(--black); background-color: var(--bs-body-bg);\">\u00a0<\/span><span style=\"background-color: var(--bs-body-bg);\"><img decoding=\"async\" style=\"color: #0b443f; font-family: Roboto, sans-serif; background-color: var(--bs-body-bg); font-size: var(--bs-body-font-size);\" src=\"https:\/\/mcgeoffroy.ca\/wp-content\/uploads\/2023\/10\/pdf.png\" \/><\/span><\/a><\/p><p style=\"margin-top: 0in; background-image: initial; background-position: initial; background-size: initial; background-repeat: initial; background-attachment: initial; background-origin: initial; background-clip: initial;\">Moderie, C., Paradis, C., Phillippe, F.L., Geoffroy, M.C., Guay, E., &amp; Paquin, V. (2024).\u00a0<span style=\"font-weight: bold;\">S<\/span><span style=\"font-weight: bold;\">leep, chronotype, social jetlag and mental health in resident physicians: a cross-sectional study.<\/span>\u00a0<i>Journal of Clinical Sleep Medicine.\u00a0<\/i>Advance online publication. https:\/\/doi.org\/10.5664\/jcsm.11288<a href=\"https:\/\/mcgeoffroy.ca\/wp-content\/uploads\/2025\/03\/Main_text_revised_final_clean_stmt.pdf\">\u00a0<span style=\"background-color: var(--bs-body-bg);\"><img decoding=\"async\" style=\"color: #0b443f; font-family: Roboto, sans-serif; background-color: var(--bs-body-bg); font-size: var(--bs-body-font-size);\" src=\"https:\/\/mcgeoffroy.ca\/wp-content\/uploads\/2023\/10\/pdf.png\" \/><\/span><\/a><\/p><p style=\"margin-top: 0in; background-image: initial; background-position: initial; background-size: initial; background-repeat: initial; background-attachment: initial; background-origin: initial; background-clip: initial;\"><span style=\"background-color: var(--bs-body-bg);\">Vidal, C., Philippe, F.L., Geoffroy, M.C., &amp; Paquin, V. (2024).\u00a0<span style=\"font-weight: bolder;\">The role of social media use and associated risk and protective behaviors on depression in youth adults: A longitudinal and network perspective.\u00a0<\/span><i>International Journal of Mental Health and Addiction.\u00a0<\/i>https:\/\/doi.org\/10.1007\/s11469-024-01313-0<\/span><a style=\"background-color: var(--bs-body-bg);\" href=\"https:\/\/mcgeoffroy.ca\/wp-content\/uploads\/2024\/10\/Touchette_et_al._2024_Longitudinal_study_of_childhood_sleep_trajectories.pdf\">\u00a0<\/a><\/p><p style=\"margin-top: 0in; background-image: initial; background-position: initial; background-size: initial; background-repeat: initial; background-attachment: initial; background-origin: initial; background-clip: initial;\"><span style=\"color: var(--black); font-size: 13.5pt; background-color: var(--bs-body-bg);\">Paquin, V., Guay, E., Moderie, C., Paradis, C., Nahiddi, N., Phillippe, F.L., &amp; Geoffroy, M.C. (2024).\u00a0<span style=\"font-weight: bolder;\">Prevalence and correlates of psychotic-like experiences in resident physicians: A Canadian cross-sectional study.\u00a0<\/span><i>Early Intervention in Psychiatry.<\/i>\u00a0Advance online publication. https:\/\/doi.org\/10.1111\/eip.13564<\/span><\/p><p style=\"margin-top: 0in; background-image: initial; background-position: initial; background-size: initial; background-repeat: initial; background-attachment: initial; background-origin: initial; background-clip: initial;\"><span style=\"color: var(--black); font-size: 13.5pt; background-color: var(--bs-body-bg);\">Dal Santo, T., Rice, D.B., Carrier, M.E., Virgili-Gervais, G., Levis, B., Kwakkenbo, L., Golberg, M., Barlett, S.J., Gietzen, A., Gottesman, K., Guillot, G., Hudson, M., Hummers, L.K, Malcarne, V.L., Mayes, M.D., Mouthon, I., Richard, M., Sauv<\/span>\u00e9, M., Wojeck, R.K., Geoffroy, M.C., Benedetti, A., &amp; Thombs, B.D. (2024).\u00a0<span style=\"font-weight: bolder;\">Factors associated with physical function among people with systemic sclerosis: A SPIN cohort cross-sectional study.\u00a0<\/span><i>Rheumatology.<\/i>\u00a0<i>63<\/i>(10), 2660-2669. https:\/\/doi.org\/10.1093\/rheumatology\/keae162<\/p><p style=\"margin-top: 0in; background-image: initial; background-position: initial; background-size: initial; background-repeat: initial; background-attachment: initial; background-origin: initial; background-clip: initial;\">Touchette, E., Fr<span style=\"background-color: var(--bs-body-bg);\">\u00e9chette-Boilard, G., Petit, D., Geoffroy, M.C., Pennestri, M.H.,\u00a0<\/span><span style=\"background-color: var(--bs-body-bg);\">C<\/span><span style=\"background-color: var(--bs-body-bg);\">\u00f4<\/span><span style=\"color: var(--black); background-color: var(--bs-body-bg);\">t\u00e9, S., Tremblay, R.E., Petitclerc, A., Boivin, M., &amp; Montplaisir, J. (2024).\u00a0<span style=\"font-weight: bolder;\">Longitudinal study of childhood sleep trajectories and adolescent mental health problems.\u00a0<\/span><\/span><i>Sleep Advances: A Journal of the Sleep Research Society<\/i><span style=\"color: var(--black); background-color: var(--bs-body-bg);\"><i>, 5<\/i>(1). https:\/\/doi.org\/10.1093\/sleepadvaces\/zpae013<\/span><a href=\"https:\/\/mcgeoffroy.ca\/wp-content\/uploads\/2024\/10\/Touchette_et_al._2024_Longitudinal_study_of_childhood_sleep_trajectories.pdf\">\u00a0<span style=\"background-color: var(--bs-body-bg);\"><img decoding=\"async\" style=\"color: #0b443f; font-family: Roboto, sans-serif; background-color: var(--bs-body-bg); font-size: var(--bs-body-font-size);\" src=\"https:\/\/mcgeoffroy.ca\/wp-content\/uploads\/2023\/10\/pdf.png\" \/><\/span><\/a><\/p><p style=\"margin-top: 0in; background-image: initial; background-position: initial; background-size: initial; background-repeat: initial; background-attachment: initial; background-origin: initial; background-clip: initial;\"><span style=\"color: var(--black); background-color: var(--bs-body-bg);\">Gifuni, A., Pereira, F., Chakravarty, M., Lepage, M., Chase, H., Geoffroy, M.C., Lacourse, E., Philips, M., Turecki, G., Renaud, J., &amp; Jollant, F. (2024).\u00a0<span style=\"font-weight: bolder;\">Perception of social inclusion\/exclusion and response inhibition in adolescents with past suicide attempt: A multimodal task-based fMRI study.\u00a0<\/span><i>Molecular Psychiatry.<\/i>\u00a0<i>29<\/i>, 2135-2144. https:\/\/doi.org\/10.1038\/s41380-024-02485-w<\/span><a style=\"background-color: var(--bs-body-bg);\" href=\"https:\/\/mcgeoffroy.ca\/wp-content\/uploads\/2025\/01\/Gifuni-al.-2024_Perception-of-social-inclusion-exclusion-and-response-inhibition-in-adolescents-with-past-suicide-attempt.pdf\"><span style=\"background-color: var(--bs-body-bg); color: var(--black);\">\u00a0<\/span><span style=\"background-color: var(--bs-body-bg);\"><img decoding=\"async\" style=\"color: #0b443f; font-family: Roboto, sans-serif; background-color: var(--bs-body-bg); font-size: var(--bs-body-font-size);\" src=\"https:\/\/mcgeoffroy.ca\/wp-content\/uploads\/2023\/10\/pdf.png\" \/><\/span><\/a><\/p><p style=\"margin-top: 0in; background-image: initial; background-position: initial; background-size: initial; background-repeat: initial; background-attachment: initial; background-origin: initial; background-clip: initial;\"><span style=\"color: var(--black); background-color: var(--bs-body-bg);\">Commisso, M., Geoffroy, M.C., Temcheff, C., Scardera, S., Vergunst, F.,\u00a0<\/span><span style=\"background-color: var(--bs-body-bg);\">C<\/span><span style=\"background-color: var(--bs-body-bg);\">\u00f4<\/span><span style=\"color: var(--black); background-color: var(--bs-body-bg);\">t\u00e9, S., Vitaro, F., Tremblay, R.E., &amp; Orri, M. (2024).\u00a0<span style=\"font-weight: bolder;\">Association of childhood externalizing, internalizing, comorbid problems with criminal conviction by early adulthood.\u00a0<\/span><i>Journal of Psychiatry Research. 172,<\/i>\u00a09-15. https:\/\/doi.org\/10.1016\/j.jpsychires.2024.01.039<\/span><a style=\"background-color: var(--bs-body-bg);\" href=\"https:\/\/mcgeoffroy.ca\/wp-content\/uploads\/2025\/01\/Commisso-al.-2024_Association-of-childhood-externalizing-internalizing-comorbid-problems-with-criminal-conviction-by-early-adulthood.pdf\"><span style=\"color: var(--black); background-color: var(--bs-body-bg);\">\u00a0<\/span><span style=\"background-color: var(--bs-body-bg);\"><img decoding=\"async\" style=\"color: #0b443f; font-family: Roboto, sans-serif; background-color: var(--bs-body-bg); font-size: var(--bs-body-font-size);\" src=\"https:\/\/mcgeoffroy.ca\/wp-content\/uploads\/2023\/10\/pdf.png\" \/><\/span><\/a><\/p><p style=\"margin-top: 0in; background-image: initial; background-position: initial; background-size: initial; background-repeat: initial; background-attachment: initial; background-origin: initial; background-clip: initial;\">Paquin, V., Ferrari, M., Rej, S., Boivin, M., Ouellet-Morin, I., Geoffroy, M.C., &amp; Shah, J.L. (2024).\u00a0<span style=\"font-weight: bolder;\">Trajectories of adolescent media use and their associations with psychotic experiences.\u00a0<\/span><i>JAMA Psychiatry.<\/i>\u00a0<i style=\"background-color: var(--bs-body-bg);\">81<\/i><span style=\"background-color: var(--bs-body-bg);\">(7), 708-716.<\/span><span style=\"color: var(--black); background-color: var(--bs-body-bg);\">\u00a0https:\/\/doi.org\/10.1001\/jamapsychiatry.2024.0384<\/span><a style=\"background-color: var(--bs-body-bg);\" href=\"https:\/\/mcgeoffroy.ca\/wp-content\/uploads\/2024\/10\/Paquin_et_al._2024_Trajectories_of_Adolescent_media_use.pdf\">\u00a0<span style=\"background-color: var(--bs-body-bg);\"><img decoding=\"async\" style=\"color: #0b443f; font-family: Roboto, sans-serif; background-color: var(--bs-body-bg); font-size: var(--bs-body-font-size);\" src=\"https:\/\/mcgeoffroy.ca\/wp-content\/uploads\/2023\/10\/pdf.png\" \/><\/span><\/a><\/p><p style=\"margin-top: 0in; background-image: initial; background-position: initial; background-size: initial; background-repeat: initial; background-attachment: initial; background-origin: initial; background-clip: initial;\"><span style=\"color: var(--black); font-size: 13.5pt; background-color: var(--bs-body-bg);\">Dal Santo, T., Rice, D.B., Carrier, M.E., Virgili-Gervais, G., Levis, B., Kwakkenbo, L., Barlett, S.J., Gietzen, A., Gottesman, K., Guillot, G., Hudson, M., Hummers, L.K, Malcarne, V.L., Mayes, M.D., Mouthon, I., Richard, M., Sauv<\/span>\u00e9, M., Wojeck, R.K., Geoffroy, M.C., Benedetti, A., &amp; Thombs, B.D. (2024).\u00a0<span style=\"font-weight: bold;\">Factors associated with satisfaction with social roles and activities among people with systemic sclerosis: A Scleroderma Patient-centered Intervention Network (SPIN) cohort cross-sectional study.\u00a0<\/span><i>RMD Open. 10<\/i>(1).\u00a0https:\/\/doi.org\/10.1136\/rmdopen-2023-003876<a href=\"https:\/\/mcgeoffroy.ca\/wp-content\/uploads\/2024\/10\/Dal_Santo_et_al._2024_Factors_associated_with_satisfaction_with_social_roles.pdf\">\u00a0<span style=\"background-color: var(--bs-body-bg);\"><img decoding=\"async\" style=\"color: #0b443f; font-family: Roboto, sans-serif; background-color: var(--bs-body-bg); font-size: var(--bs-body-font-size);\" src=\"https:\/\/mcgeoffroy.ca\/wp-content\/uploads\/2023\/10\/pdf.png\" \/><\/span><\/a><\/p><p style=\"margin-top: 0in; background-image: initial; background-position: initial; background-size: initial; background-repeat: initial; background-attachment: initial; background-origin: initial; background-clip: initial;\">Acland, E.L., Pocuca, N., Paquin, S., Boivin, M., Ouellet-Morin, I., Andlauer, T.F.M., Gouin, J.P.,\u00a0<span style=\"background-color: var(--bs-body-bg);\">C<\/span><span style=\"background-color: var(--bs-body-bg);\">\u00f4<\/span><span style=\"color: var(--black); background-color: var(--bs-body-bg);\">t\u00e9, S.M., Tremblay, R.E., Geoffroy, M.C., &amp; Castellanos-Ryan, N. (2024).\u00a0<span style=\"font-weight: bolder;\">Polygenic risk and hostile environments: Links to stable and dynamic antisocial behaviors across adolescence.<\/span>\u00a0<i>Development and Psychopathology,<\/i>\u00a01-13. Advance online publication. https:\/\/doi.org\/10.1017\/S095457942400004X<a href=\"https:\/\/mcgeoffroy.ca\/wp-content\/uploads\/2024\/07\/PRS_2024_AcceptedManuscript.pdf\">\u00a0<\/a><\/span><span style=\"background-color: var(--bs-body-bg);\"><a href=\"https:\/\/mcgeoffroy.ca\/wp-content\/uploads\/2024\/07\/PRS_2024_AcceptedManuscript.pdf\"><img decoding=\"async\" style=\"color: #0b443f; font-family: Roboto, sans-serif; background-color: var(--bs-body-bg); font-size: var(--bs-body-font-size);\" src=\"https:\/\/mcgeoffroy.ca\/wp-content\/uploads\/2023\/10\/pdf.png\" \/><\/a><\/span><\/p><p style=\"margin-top: 0in; background-image: initial; background-position: initial; background-size: initial; background-repeat: initial; background-attachment: initial; background-origin: initial; background-clip: initial;\"><span style=\"color: var(--black); background-color: var(--bs-body-bg);\">Pocuca, N., Acland, E.L., Geoffroy, M.C., Orri, M., Chadi, N., S<\/span><span style=\"color: var(--black); background-color: var(--bs-body-bg);\">\u00e9guin, J.R., Parent, S., Boivin, M., Tremblay, R.E.,\u00a0<\/span><span style=\"background-color: var(--bs-body-bg);\">C<\/span><span style=\"background-color: var(--bs-body-bg);\">\u00f4<\/span><span style=\"color: var(--black); background-color: var(--bs-body-bg);\">t\u00e9, S., &amp; Castellanos-Ryan, N. (2024)\u00a0<span style=\"font-weight: bolder;\">Emotion dysregulation is associated with increased problem cannabis use among emerging adults during COVID-19.\u00a0<\/span><i>Journal of Studies on Alcohol and Drugs. 85<\/i>(2), 261-271. https:\/\/doi.org\/10.15288\/jsad.23-00144<a href=\"https:\/\/mcgeoffroy.ca\/wp-content\/uploads\/2025\/04\/COVID-SU1year_Paper-R1-FINAL.pdf\">\u00a0<\/a><\/span><a href=\"https:\/\/mcgeoffroy.ca\/wp-content\/uploads\/2025\/04\/COVID-SU1year_Paper-R1-FINAL.pdf\"><span style=\"color: #0a58ca; text-indent: -48px;\">\u00a0<\/span><img decoding=\"async\" style=\"color: #0b443f; font-family: Roboto, sans-serif; font-size: 16px;\" src=\"https:\/\/mcgeoffroy.ca\/wp-content\/uploads\/2023\/10\/pdf.png\" \/><\/a><\/p><p style=\"margin-top: 0in; background-image: initial; background-position: initial; background-size: initial; background-repeat: initial; background-attachment: initial; background-origin: initial; background-clip: initial;\"><span style=\"color: var(--black); background-color: var(--bs-body-bg);\">Geoffroy, M.C., &amp; Chadi, N. (2023).\u00a0<span style=\"font-weight: bolder;\">Increasing paediatric emergency visits for suicide-related concerns during COVID-19.\u00a0<\/span><i>The Lancet. Psychiatry, 10<\/i>(5), 308-309. https:\/\/doi.org\/10.1016\/S2215-0366(23)00073-1<\/span><span style=\"color: var(--black); background-color: var(--bs-body-bg);\"><a href=\"https:\/\/mcgeoffroy.ca\/wp-content\/uploads\/2024\/07\/PRS_2024_AcceptedManuscript.pdf\">\u00a0<\/a><\/span><span style=\"background-color: var(--bs-body-bg);\"><a href=\"https:\/\/mcgeoffroy.ca\/wp-content\/uploads\/2024\/10\/AAM_GeGeoffroy___Chadi_2023_Increasing_paediatric_emergency_visits_for_suicide-related_concerns.pdf\"><img decoding=\"async\" style=\"color: #0b443f; font-family: Roboto, sans-serif; background-color: var(--bs-body-bg); font-size: var(--bs-body-font-size);\" src=\"https:\/\/mcgeoffroy.ca\/wp-content\/uploads\/2023\/10\/pdf.png\" \/><\/a><\/span><\/p><p style=\"margin-top: 0in; background-image: initial; background-position: initial; background-size: initial; background-repeat: initial; background-attachment: initial; background-origin: initial; background-clip: initial;\"><span style=\"color: var(--black); background-color: var(--bs-body-bg);\">Geoffroy, M.C., Chadi, N., Bouchard, S., Fuoco, J., Chartrand, E., Loose, T., Sciola, A., Boruff, J.T., Iyer, S.N., Sun, Y., Gouin, J.P.,\u00a0<\/span><span style=\"background-color: var(--bs-body-bg);\">C<\/span><span style=\"background-color: var(--bs-body-bg);\">\u00f4<\/span><span style=\"color: var(--black); background-color: var(--bs-body-bg);\">t\u00e9, S., &amp; Thombs, B.D. (2024).\u00a0<span style=\"font-weight: bolder;\">Mental health of Canadian youth: A systematic review and meta-analysis of studies examining changes in depression, anxiety, and suicide-related outcomes during the COVID-19 pandemic.\u00a0<\/span><i>Canadian Journal of Public Health. 115<\/i>(3), 408-424<i>.\u00a0<\/i>https:\/\/doi.org\/10.17269\/s41997-024-00865-x<\/span><a href=\"https:\/\/mcgeoffroy.ca\/wp-content\/uploads\/2025\/07\/Geoffroy_et_al._2024_Mental_Health_of_Canadian_Youth.pdf\"><span style=\"color: #000000;\">\u00a0<\/span><img decoding=\"async\" style=\"color: #0b443f; font-family: Roboto, sans-serif; font-size: 16px;\" src=\"https:\/\/mcgeoffroy.ca\/wp-content\/uploads\/2023\/10\/pdf.png\" \/><\/a><\/p><p style=\"margin-top: 0in; background-image: initial; background-position: initial; background-size: initial; background-repeat: initial; background-attachment: initial; background-origin: initial; background-clip: initial;\">Bolanis, D., Vergunst, F., Mavoa, S., Schmelefske, E., Khoury, B., Turecki, G., Orri, M., &amp; Geoffroy, M.C. (2024).\u00a0<span style=\"font-weight: bolder;\">Association between greenspace exposure and suicide-related outcomes across the lifespan: A systematic review.\u00a0<\/span><i>The Science of the Total Environment, 906.<\/i>\u00a0167451. https:\/\/doi.org\/10.1016\/j.scitotenv.2023.167451.<span style=\"background-color: var(--bs-body-bg); color: var(--black); font-family: Arial, sans-serif; font-size: 13.5pt;\">\u00a0<\/span><span style=\"background-color: var(--bs-body-bg); color: var(--black);\">\u00a0<\/span><\/p><\/div>\n\t\t\t\t<\/div>\n\t\t\t\t\t\t\t<div class=\"elementor-accordion-item\">\n\t\t\t\t\t<div id=\"elementor-tab-title-1804\" class=\"elementor-tab-title\" data-tab=\"4\" role=\"button\" aria-controls=\"elementor-tab-content-1804\" aria-expanded=\"false\">\n\t\t\t\t\t\t\t\t\t\t\t\t\t<span class=\"elementor-accordion-icon elementor-accordion-icon-right\" aria-hidden=\"true\">\n\t\t\t\t\t\t\t\t\t\t\t\t\t\t\t<span class=\"elementor-accordion-icon-closed\"><i class=\"fas fa-plus\"><\/i><\/span>\n\t\t\t\t\t\t\t\t<span class=\"elementor-accordion-icon-opened\"><i class=\"fas fa-minus\"><\/i><\/span>\n\t\t\t\t\t\t\t\t\t\t\t\t\t\t<\/span>\n\t\t\t\t\t\t\t\t\t\t\t\t<a class=\"elementor-accordion-title\" tabindex=\"0\">2023<\/a>\n\t\t\t\t\t<\/div>\n\t\t\t\t\t<div id=\"elementor-tab-content-1804\" class=\"elementor-tab-content elementor-clearfix\" data-tab=\"4\" role=\"region\" aria-labelledby=\"elementor-tab-title-1804\"><p><span style=\"color: var(--black); background-color: var(--bs-body-bg);\">Bolanis, D., Orri, M., Vergunst, F., Bouchard, S., Robitaille, E., Philippe, F., Ouellet-Morin, I., Gauvin, L., C\u00f4t\u00e9, S., &amp; Geoffroy, M.C.\u202f(2023).\u202f <\/span><b style=\"color: var(--black); background-color: var(--bs-body-bg);\">Increased urban greenspace in childhood associated with lower inattention deficit among adolescents.\u202f<\/b> <i style=\"color: var(--black); background-color: var(--bs-body-bg);\">Social Psychiatry and Psychiatric Epidemiology,<\/i><span style=\"color: var(--black); background-color: var(--bs-body-bg);\">\u00a0<i>59<\/i>(6), 947-956. Advance online publication. \u202fhttps:\/\/doi.org\/10.1007\/s00127-023-02575-0\u202f<\/span><a href=\"https:\/\/mcgeoffroy.ca\/wp-content\/uploads\/2024\/10\/Bolanis_et_al__2023__NDVI_SPPE_w_stmt.pdf\">\u00a0<span style=\"background-color: var(--bs-body-bg);\"><img decoding=\"async\" style=\"color: #0b443f; font-family: Roboto, sans-serif; background-color: var(--bs-body-bg); font-size: var(--bs-body-font-size);\" src=\"https:\/\/mcgeoffroy.ca\/wp-content\/uploads\/2023\/10\/pdf.png\" \/><\/span><\/a><\/p><p>Gouin, JP, de la Torre-Luque, A.,\u00a0 S\u00e1nchez\u2010Carro, Y., Geoffroy, M.C., &amp; Essau, C. (2023).\u202f\u00a0<b>Heterogeneity in the trajectories of psychological distress among late adolescents during the COVID-19 pandemic.<\/b> <i>JCPP Advances, 3<\/i>(4), e12195. https:\/\/doi.org\/10.1002\/jcv2.12195<a href=\"https:\/\/mcgeoffroy.ca\/wp-content\/uploads\/2024\/05\/JCPP_Advances_-_2023_-_Gouin_-_Heterogeneity_in_the_trajectories_of_psychological_distress_among_late_adolescents_during.pdf\">\u00a0\u00a0<span style=\"background-color: var(--bs-body-bg);\"><img decoding=\"async\" style=\"color: #0b443f; font-family: Roboto, sans-serif; background-color: var(--bs-body-bg); font-size: var(--bs-body-font-size);\" src=\"https:\/\/mcgeoffroy.ca\/wp-content\/uploads\/2023\/10\/pdf.png\" \/><\/span><\/a><\/p><p>Paquin, V., Philippe, FL., Shannon, H., Guimond, S., Ouellet-Morin, I., &amp; Geoffroy, M.C. (2023).\u202f\u00a0<b>Associations between digital media use and psychotic experiences in young adults of Quebec, Canada: A longitudinal study. <\/b><i>Social Psychiatry and Psychiatric Epidemiology<\/i>, <i>59<\/i>(1), 65-75. Advance online publication. \u202fhttps:\/\/doi.org\/10.1007\/s00127-023-02537-6\u202f<a href=\"https:\/\/mcgeoffroy.ca\/wp-content\/uploads\/2024\/10\/VP-GS-Ms_Postprint_w_stmt.pdf\">\u00a0\u00a0<span style=\"background-color: var(--bs-body-bg);\"><img decoding=\"async\" style=\"color: #0b443f; font-family: Roboto, sans-serif; background-color: var(--bs-body-bg); font-size: var(--bs-body-font-size);\" src=\"https:\/\/mcgeoffroy.ca\/wp-content\/uploads\/2023\/10\/pdf.png\" \/><\/span><\/a><\/p><p>Orri, M., Gifuni, A. J., Ougrin, D., Boruff, J., Cipriani, T.A., Furukawa, D.S., Schaffer, D., Del Giovane, C., Ayla, I., Turecki, G., Geoffroy, M.C., &amp; Cortese, S. (2023). <b>Psychosocial interventions for the prevention of self-harm repetition: Protocol for a systematic review and network meta-analysis.<\/b> <i>BMJ Open, 13<\/i>(8), e072289. doi.org\/10.1136\/bmjopen-2023-072289.<a href=\"https:\/\/mcgeoffroy.ca\/wp-content\/uploads\/2024\/05\/bmjopen-2023-072289.pdf\">\u00a0\u00a0<span style=\"background-color: var(--bs-body-bg);\"><img decoding=\"async\" style=\"color: #0b443f; font-family: Roboto, sans-serif; background-color: var(--bs-body-bg); font-size: var(--bs-body-font-size);\" src=\"https:\/\/mcgeoffroy.ca\/wp-content\/uploads\/2023\/10\/pdf.png\" \/><\/span><\/a><\/p><p>Macneil, S., Roderbourg, L., Orri, M., Geoffroy, M. C., Mcgrath, J. J., Renaud, J., &amp; Gouin, J. P. (2023). <b>Attachment styles and suicidal thoughts and behaviors: A meta-analysis.<\/b> <i>Journal of Social and Clinical Psychology, 42<\/i>(4), 323-364. https:\/\/doi.org\/10.1521\/jscp.2023.42.4.323\u00a0<a href=\"https:\/\/mcgeoffroy.ca\/wp-content\/uploads\/2024\/05\/JCPP_Advances_-_2023_-_Gouin_-_Heterogeneity_in_the_trajectories_of_psychological_distress_among_late_adolescents_during.pdf\">\u00a0<\/a><span style=\"background-color: var(--bs-body-bg);\"><a href=\"https:\/\/mcgeoffroy.ca\/wp-content\/uploads\/2024\/10\/MacNeil_et_al.__Accepted_JSCP_March_26_2023_combined.pdf\"><img decoding=\"async\" style=\"color: #0b443f; font-family: Roboto, sans-serif; background-color: var(--bs-body-bg); font-size: var(--bs-body-font-size);\" src=\"https:\/\/mcgeoffroy.ca\/wp-content\/uploads\/2023\/10\/pdf.png\" \/><\/a><\/span><\/p><p>Dal Santo, T., Rice, D. B., Amiri, L. S. N., Tasleem, A., Li, K., Boruff, J. T., Geoffroy, M.C., Benedetti, A., &amp; Thombs, B. D. (2023). <b>Methods and results of studies on reporting guideline adherence are poorly reported: a meta-research study.<\/b> <i>Journal of Clinical Epidemiology, 159<\/i>, 225-234. doi: 10.1016\/j.jclinepi.2023.05.017\u00a0<a href=\"https:\/\/mcgeoffroy.ca\/wp-content\/uploads\/2024\/05\/1-s2.0-S0895435623001312-main.pdf\">\u00a0<span style=\"background-color: var(--bs-body-bg);\"><img decoding=\"async\" style=\"color: #0b443f; font-family: Roboto, sans-serif; background-color: var(--bs-body-bg); font-size: var(--bs-body-font-size);\" src=\"https:\/\/mcgeoffroy.ca\/wp-content\/uploads\/2023\/10\/pdf.png\" \/><\/span><\/a><\/p><p>Scardera, S., Langevin, R., Collin-V\u00e9zina, D., Comtois-Cabana, M., Pinto Pereira, S., C\u00f4t\u00e9, S., Ouellet-Morin, I., &amp; Geoffroy, M.C. (2023). <b>Derivation of probable child maltreatment indicators using prospectively recorded information between 5 months and 17 years in a longitudinal cohort of Canadian children.<\/b> <i>Child Abuse and Neglect, 143<\/i>, 106247. doi: 10.1016\/j.chiabu.2023.106247\u00a0<\/p><p>Gouin, J.P., MacNeil, S., de la Torre-Luque, A., Chartrand, E., Chadi, N. Rouquette, A., Boivin, M., C\u00f4t\u00e9, S., &amp; Geoffroy, M.C. (2023). <b>Depression, anxiety, and suicidal ideations in a population-based cohort of young adults before and during the first 12 months of the COVID-19 pandemic in Canada.<\/b> <i>Canadian Journal of Public Health, 114<\/i>(3), 368\u2013377. doi: 10.17269\/s41997-023-00772-7\u00a0<a href=\"https:\/\/mcgeoffroy.ca\/wp-content\/uploads\/2024\/05\/JCPP_Advances_-_2023_-_Gouin_-_Heterogeneity_in_the_trajectories_of_psychological_distress_among_late_adolescents_during.pdf\">\u00a0<\/a><span style=\"background-color: var(--bs-body-bg);\"><a href=\"https:\/\/mcgeoffroy.ca\/wp-content\/uploads\/2024\/10\/Gouin_et_al.__2023_CJPH.pdf\"><img decoding=\"async\" style=\"color: #0b443f; font-family: Roboto, sans-serif; background-color: var(--bs-body-bg); font-size: var(--bs-body-font-size);\" src=\"https:\/\/mcgeoffroy.ca\/wp-content\/uploads\/2023\/10\/pdf.png\" \/><\/a><\/span><\/p><p>Perret, L. C., Geoffroy, M.C., Barr, E., Parnet, F., Provencal, N., Boivin, M., O&#8217;Donnell, K. J., Suderman, M., Power, C., Turecki, G., &amp; Ouellet-Morin, I. (2023).<b> Associations between epigenetic aging and childhood peer victimization, depression, and suicidal ideation in adolescence and adulthood: A study of two population-based samples.\u00a0<\/b><i>Frontiers in Cell and Developmental Biology,\u202f10<\/i>, 1051556. doi:10.3389\/fcell.2022.1051556<a href=\"https:\/\/mcgeoffroy.ca\/wp-content\/uploads\/2024\/01\/Perret-et-al-2022_epigenetic-aging-and-peer-victimization.pdf\">\u00a0<img decoding=\"async\" style=\"color: #0b443f; font-family: Roboto, sans-serif; background-color: var(--bs-body-bg); font-size: var(--bs-body-font-size);\" src=\"https:\/\/mcgeoffroy.ca\/wp-content\/uploads\/2023\/10\/pdf.png\" \/><\/a><\/p><p>Loose, T., Geoffroy, M.C., Yang, A. V., &amp; Cot\u00e9, S. (2023). <b>Parental loneliness, parental stress and child mental health during the COVID-19 pandemic: Variations by cumulative socioeconomic risk.\u00a0<\/b><i>Journal of Affective Disorders Reports,\u202f12<\/i>, 100499. doi:10.1016\/j.jadr.2023.100499<a href=\"https:\/\/mcgeoffroy.ca\/wp-content\/uploads\/2024\/01\/Loose-et-al-2022_parental-loneliness.pdf\">\u00a0<img decoding=\"async\" style=\"color: #0b443f; font-family: Roboto, sans-serif; background-color: var(--bs-body-bg); font-size: var(--bs-body-font-size);\" src=\"https:\/\/mcgeoffroy.ca\/wp-content\/uploads\/2023\/10\/pdf.png\" \/><\/a><\/p><p>Bouchard, S., Langevin, R.,\u202fVergunst, F.,\u202fCommisso, M.,\u202fDomond, P. M., H\u00e9bert, M., Ouellet-Morin, I., Vitaro, F., Tremblay, R. E., C\u00f4t\u00e9, S., Orri, M., &amp; Geoffroy, M.C.\u202f(2023).\u202f<b>Child sexual abuse and employment earnings in adulthood: A prospective Canadian cohort study.\u202f<\/b><i>American Journal of Preventive Medicine, 65<\/i>(1), 83-91. doi: 10.1016\/j.amepre.2023.01.040<a href=\"https:\/\/mcgeoffroy.ca\/wp-content\/uploads\/2024\/05\/Revised_Manuscript_26_01_2023.pdf\">\u00a0\u00a0<span style=\"background-color: var(--bs-body-bg);\"><img decoding=\"async\" style=\"color: #0b443f; font-family: Roboto, sans-serif; background-color: var(--bs-body-bg); font-size: var(--bs-body-font-size);\" src=\"https:\/\/mcgeoffroy.ca\/wp-content\/uploads\/2023\/10\/pdf.png\" \/><\/span><span style=\"color: var(--black); background-color: var(--bs-body-bg);\">\u00a0<\/span><\/a><\/p><p>Richard-Devantoy, S., Badillo, I., Bertrand, J. A., Dicker, M., Banikyan, A., Turecki, G., Geoffroy, M.C., &amp; Orri, M. (2023). <b>Association between childhood cognitive skills with adult suicidal behavior: A systematic review and meta-analysis. <\/b><i>Journal of Affective Disorders, 325<\/i>, 158\u2013168. doi: 10.1016\/j.jad.2022.12.146<a href=\"https:\/\/mcgeoffroy.ca\/wp-content\/uploads\/2024\/01\/Richard-Devantoy-et-al-2022_child-cognitive-skills.pdf\">\u00a0<img decoding=\"async\" style=\"color: #0b443f; font-family: Roboto, sans-serif; background-color: var(--bs-body-bg); font-size: var(--bs-body-font-size);\" src=\"https:\/\/mcgeoffroy.ca\/wp-content\/uploads\/2023\/10\/pdf.png\" \/><span style=\"color: var(--black); background-color: var(--bs-body-bg);\">\u00a0<\/span><\/a><\/p><p>Loose, T., C\u00f4t\u00e9, S., Malboeuf-Hurtubise, C., Ayotte-Beaudet, JP., Lessard, G., Chadi, N., Gauvin, L., Ouellet-Morin, I., &amp; Geoffroy, M.C. (2023). <b>Protocol for the Open Sky School: A two-arm clustered randomized controlled trial to test the effectiveness of a nature-based intervention on mental health of elementary school children.<\/b> <i>BMC Public Health, 23<\/i>(1), 236. doi: 10.1186\/s12889-023-15033-y<a href=\"https:\/\/mcgeoffroy.ca\/wp-content\/uploads\/2024\/01\/Loose-et-al.-2022_Protocol_for_open_sky_school.pdf\">\u00a0<img decoding=\"async\" style=\"color: #0b443f; font-family: Roboto, sans-serif; background-color: var(--bs-body-bg); font-size: var(--bs-body-font-size);\" src=\"https:\/\/mcgeoffroy.ca\/wp-content\/uploads\/2023\/10\/pdf.png\" \/><\/a><\/p><p>Davisse-Paturet, C., Orri, M., Legleye, S., Florence, A. M., Hazo, J. B., Warszawski, J., Falissard, B., Geoffroy, M.C., Melchior, M., Rouquette, A., &amp; EPICOV study group (2023). <b>Suicidal ideation following self-reported COVID-19-like symptoms or serology-confirmed SARS-CoV-2 infection in France: A propensity score weighted analysis from a cohort study.\u202f<\/b><i>PLoS medicine,\u202f20<\/i>(2), e1004171. doi:10.1371\/journal.pmed.1004171\u00a0<a href=\"https:\/\/mcgeoffroy.ca\/wp-content\/uploads\/2024\/05\/Suicidal_idealation.pdf\">\u00a0<span style=\"background-color: var(--bs-body-bg);\"><img decoding=\"async\" style=\"color: #0b443f; font-family: Roboto, sans-serif; background-color: var(--bs-body-bg); font-size: var(--bs-body-font-size);\" src=\"https:\/\/mcgeoffroy.ca\/wp-content\/uploads\/2023\/10\/pdf.png\" \/><\/span><span style=\"background-color: var(--bs-body-bg); color: var(--black);\">\u00a0<\/span><\/a><\/p><p>Vergunst, F., Commisso, M., Geoffroy, M.C., Temcheff, C. E., Poirier, M., Vitaro, F., Tremblay, R. E., C\u00f4t\u00e9, S., &amp; Orri, M. (2023). <b>Association of childhood externalizing, internalizing and comorbid symptoms with long-term economic and social outcomes.<\/b> <i>JAMA Network Open, 6<\/i>(1), e2249568. doi:10.1001\/jamanetworkopen.2022.49568<a href=\"https:\/\/mcgeoffroy.ca\/wp-content\/uploads\/2024\/01\/Vergunst-et-al._2022-Association_of_chidhood_externalising__internalising_and_comorbid_symptoms.pdf\">\u00a0<img decoding=\"async\" style=\"color: #0b443f; font-family: Roboto, sans-serif; background-color: var(--bs-body-bg); font-size: var(--bs-body-font-size);\" src=\"https:\/\/mcgeoffroy.ca\/wp-content\/uploads\/2023\/10\/pdf.png\" \/><span style=\"color: var(--black); background-color: var(--bs-body-bg);\">\u00a0<\/span><\/a><\/p><p>Pocuca, N., Geoffroy, M.C., Paquin, S., Archambault, K., S\u00e9guin, J. R., Parent, S., Boivin, M., Tremblay, R. E., C\u00f4t\u00e9, S., &amp; Castellanos-Ryan, N. (2023). <b>A thorough investigation of the bifactor model of psychopathology in a representative birth cohort: Testing internal and predictive validity to inform models of comorbidity.<\/b>\u202fJournal of Psychopathology and Clinical Science, 132(2), 123\u2013134.\u202f doi:10.1037\/abn0000816\u00a0<a href=\"https:\/\/mcgeoffroy.ca\/wp-content\/uploads\/2024\/01\/Pocuca-et-al_2022_PFactor.pdf\"><img decoding=\"async\" style=\"color: #0b443f; font-family: Roboto, sans-serif; background-color: var(--bs-body-bg); font-size: var(--bs-body-font-size);\" src=\"https:\/\/mcgeoffroy.ca\/wp-content\/uploads\/2023\/10\/pdf.png\" \/><span style=\"color: var(--black); background-color: var(--bs-body-bg);\">\u00a0<\/span><\/a><\/p><p>Loose, T., Geoffroy, M.C., Orri, M., Chadi, N., Scardera, S., Booij, L., Breton, E., Tremblay, R. E., Boivin, M., &amp; Cot\u00e9, S. (2023). <b>Pathways of association between disordered eating in adolescence and mental health outcomes in young adulthood during the COVID-19 pandemic<\/b>.\u202f<i>Canadian Journal of Public Health,\u202f114<\/i>(1), 22\u201332. doi:10.17269\/s41997-022-00715-8<a href=\"https:\/\/mcgeoffroy.ca\/wp-content\/uploads\/2024\/05\/7_JAACAP-S-22-00418__1__81_.pdf\"><span style=\"background-color: var(--bs-body-bg);\">\u00a0<\/span><span style=\"background-color: var(--bs-body-bg);\"><img decoding=\"async\" style=\"color: #0b443f; font-family: Roboto, sans-serif; background-color: var(--bs-body-bg); font-size: var(--bs-body-font-size);\" src=\"https:\/\/mcgeoffroy.ca\/wp-content\/uploads\/2023\/10\/pdf.png\" \/><\/span><span style=\"background-color: var(--bs-body-bg); color: var(--black);\">\u00a0<\/span><\/a><\/p><p>Domond, P., Orri, M., Vergunst, F., Bouchard, S., Findlay, L., Kohen, D., H\u00e9bert, M., Vitaro, F., Tremblay, R. E., Geoffroy, M.C., &amp; C\u00f4t\u00e9, S. (2023). <b>Childhood abuse, intimate partner violence in young adulthood, and welfare receipt by midlife.\u00a0<\/b>\u202f<i>Pediatrics, 151<\/i>(3). doi:10.1542\/peds.2022-057379<a href=\"https:\/\/mcgeoffroy.ca\/wp-content\/uploads\/2024\/05\/8_Article_file_Domond_et_al._2022_8_.pdf\">\u00a0<span style=\"background-color: var(--bs-body-bg);\">\u00a0<\/span><span style=\"background-color: var(--bs-body-bg);\"><img decoding=\"async\" style=\"color: #0b443f; font-family: Roboto, sans-serif; background-color: var(--bs-body-bg); font-size: var(--bs-body-font-size);\" src=\"https:\/\/mcgeoffroy.ca\/wp-content\/uploads\/2023\/10\/pdf.png\" \/><\/span><span style=\"background-color: var(--bs-body-bg); color: var(--black);\">\u00a0<\/span><\/a><\/p><\/div>\n\t\t\t\t<\/div>\n\t\t\t\t\t\t\t<div class=\"elementor-accordion-item\">\n\t\t\t\t\t<div id=\"elementor-tab-title-1805\" class=\"elementor-tab-title\" data-tab=\"5\" role=\"button\" aria-controls=\"elementor-tab-content-1805\" aria-expanded=\"false\">\n\t\t\t\t\t\t\t\t\t\t\t\t\t<span class=\"elementor-accordion-icon elementor-accordion-icon-right\" aria-hidden=\"true\">\n\t\t\t\t\t\t\t\t\t\t\t\t\t\t\t<span class=\"elementor-accordion-icon-closed\"><i class=\"fas fa-plus\"><\/i><\/span>\n\t\t\t\t\t\t\t\t<span class=\"elementor-accordion-icon-opened\"><i class=\"fas fa-minus\"><\/i><\/span>\n\t\t\t\t\t\t\t\t\t\t\t\t\t\t<\/span>\n\t\t\t\t\t\t\t\t\t\t\t\t<a class=\"elementor-accordion-title\" tabindex=\"0\">2022<\/a>\n\t\t\t\t\t<\/div>\n\t\t\t\t\t<div id=\"elementor-tab-content-1805\" class=\"elementor-tab-content elementor-clearfix\" data-tab=\"5\" role=\"region\" aria-labelledby=\"elementor-tab-title-1805\"><p><span style=\"background-color: var(--bs-body-bg);\">Geoffroy, M.C., Khoury, B., Chartrand, E., Colman, I., &amp; Orri, M. (2022). <b>Suicidal ideation and self-harm behaviours in children aged 12 years and younger &#8211; Author\u2019s reply<\/b>. The Lancet Psychiatry, 9(11), 855. doi: 10.1016\/S2215-0366(22)00342-X<br \/><\/span><\/p><p><span style=\"color: var(--black); background-color: var(--bs-body-bg);\">Vergunst,\u00a0F., Commisso, M.,\u00a0Geoffroy,\u00a0MC.,\u00a0Temcheff,\u00a0C., Poirier, M., Park, J., Vitaro, F., Tremblay, R. E., Cote, SM.,\u00a0&amp; Orri\u00a0M. (2022).\u00a0<\/span><strong style=\"color: var(--black); background-color: var(--bs-body-bg);\">Association of childhood externalizing, internalizing and comorbid symptoms with long-term economic and social outcomes.\u00a0<\/strong><span style=\"color: var(--black); background-color: var(--bs-body-bg);\"><i>European Psychiatry<\/i>,\u00a0<\/span><em style=\"color: var(--black); background-color: var(--bs-body-bg);\">65<\/em><span style=\"color: var(--black); background-color: var(--bs-body-bg);\">(S1), S434-S434. doi:10.1192\/j.eurpsy.2022.1102<\/span><a style=\"background-color: var(--bs-body-bg);\" href=\"https:\/\/v1.mcgeoffroy.ca\/storage\/2022\/09\/association-of-childhood-externalizing-internalizing-and-comorbid-symptoms-with-long-term-economic-outcomes.pdf\" target=\"_blank\" rel=\"noopener\"><img decoding=\"async\" src=\"https:\/\/mcgeoffroy.ca\/wp-content\/uploads\/2023\/10\/pdf.png\" alt=\"\" width=\"35\" height=\"35\" \/><\/a><\/p><p>Watkins-Martin, K., Bolanis, D., Richard-Devantoy, S., Pennestri, MH., Malboeuf-Hurtubise, C., Philippe, F., Guindon, J., Gouin, JP., Ouellet-Morin, I., &amp; Geoffroy, MC. (2022).\u00a0<strong>The effects of walking in nature on the negative and positive affect in adult psychiatric outpatients with major depressive disorder: A randomized-controlled study.<\/strong>\u00a0<em>Journal of Affective Disorders,\u00a0<\/em><span style=\"background-color: var(--bs-body-bg);\"><i>318, 291\u2013298<\/i><\/span><span style=\"color: var(--black); background-color: var(--bs-body-bg);\">. doi: 10.1016\/j.jad.2022.08.121<a href=\"https:\/\/mcgeoffroy.ca\/wp-content\/uploads\/2024\/01\/Watkins-Martin-et-al_2022-Nature-Walk-MDD.pdf\">\u00a0<\/a><\/span><a href=\"https:\/\/mcgeoffroy.ca\/wp-content\/uploads\/2024\/01\/Watkins-Martin-et-al_2022-Nature-Walk-MDD.pdf\"><img decoding=\"async\" style=\"color: #0b443f; font-family: Roboto, sans-serif; background-color: var(--bs-body-bg); font-size: var(--bs-body-font-size);\" src=\"https:\/\/mcgeoffroy.ca\/wp-content\/uploads\/2023\/10\/pdf.png\" \/><\/a><\/p><p>Perret, L.C., Boivin, M., Moreau-Vaillancourt, G., Andlauer, T. F. M., Paquin, S., Langevin, S., Girard, A., Turecki, G., O&#8217;Donnell, K., Tremblay, R. E., C\u00f4t\u00e9, S. M., Gouin, JP., Ouellet-Morin, I., &amp; Geoffroy, MC. (2022).\u00a0<strong>Polygenic risk score and peer victimisation independently predict depressive symptoms in adolescence: results from the Quebec Longitudinal Study of Children Development<\/strong>.\u00a0<em>Journal of Child Psychology and Psychiatry.<\/em>\u00a0doi: 10.1111\/jcpp.13706<a href=\"https:\/\/mcgeoffroy.ca\/wp-content\/uploads\/2024\/10\/JCPP_R2_manuscript_postprint.pdf\"><span style=\"color: var(--black); background-color: var(--bs-body-bg);\">\u00a0<\/span><span style=\"background-color: var(--bs-body-bg);\"><img decoding=\"async\" style=\"color: #0b443f; font-family: Roboto, sans-serif; background-color: var(--bs-body-bg); font-size: var(--bs-body-font-size);\" src=\"https:\/\/mcgeoffroy.ca\/wp-content\/uploads\/2023\/10\/pdf.png\" \/><\/span><\/a><\/p><p>Beaudry, G., Drouin, O., Gravel, J., Smyrnova, A., Bender, A., Orri, M.,\u00a0<strong>Geoffroy, MC.,<\/strong>\u00a0&amp; Chadi, N. (2022).\u00a0<strong>A comparative analysis of pediatric mental health-related emergency department utilization in Montr\u00e9al, Canada before and during the COVID-19 pandemic<\/strong>.\u00a0<em>Annals of General Psychiatry<\/em>, 21(1), 1-17. doi: 10.1186\/s12991-022-00398-y<a href=\"https:\/\/v1.mcgeoffroy.ca\/storage\/2022\/09\/12991_2022_Article_398.pdf\" target=\"_blank\" rel=\"noopener\"><img decoding=\"async\" src=\"https:\/\/mcgeoffroy.ca\/wp-content\/uploads\/2023\/10\/pdf.png\" alt=\"\" width=\"35\" height=\"35\" \/><\/a><\/p><p>Geoffroy, MC., Bouchard, S., Per, M., Khoury, B., Chartrand, E., Renaud, J., Turecki, G., Colman, I., &amp; Orri, M. (2022).\u00a0<strong>Prevalence of suicidal ideation and behaviors in children aged 12 years and under: A systematic review and meta-analysis<\/strong>.\u00a0<em>Lancet Psychiatry, 9<\/em>(9), 703-714. doi: 10.1016\/S2215-0366(22)00193-6<a href=\"https:\/\/mcgeoffroy.ca\/wp-content\/uploads\/2024\/05\/22tlp0054_Geoffroy30_w_stmt.pdf\">\u00a0<span style=\"background-color: var(--bs-body-bg);\"><img decoding=\"async\" style=\"color: #0b443f; font-family: Roboto, sans-serif; background-color: var(--bs-body-bg); font-size: var(--bs-body-font-size);\" src=\"https:\/\/mcgeoffroy.ca\/wp-content\/uploads\/2023\/10\/pdf.png\" \/><\/span><\/a><\/p><p>Philippe, F. L., Gingras, MP., Ghassemi-Bakhtiari, N., Poulin, F., Robitaille, J., Denault, AS., Dandeneau, S., &amp;<strong>\u00a0<\/strong>Geoffroy, MC. (2022).\u00a0<strong>Organized civic and non-civic activities as predictors of academic GPA in high school students<\/strong>.\u00a0<em>Applied Developmental Science, 27<\/em>(2), 189-204.doi: 10.1080\/10888691.2022.2053127<\/p><p>Geoffroy, MC., Arseneault, L., Girard, A., Ouellet-Morin, I., &amp; Power, C. (2022).\u00a0<strong>Association of childhood bullying victimization with suicide deaths: Findings from a 50-year nationwide cohort study.\u00a0<\/strong><em>Psychological Medicine, 53<\/em>(9), 1-8. doi:10.1017\/S0033291722000836<a href=\"https:\/\/mcgeoffroy.ca\/wp-content\/uploads\/2024\/01\/Geoffroy-et-al.-2022_childhood-bullying-victimization.pdf\">\u00a0<img decoding=\"async\" style=\"color: #0b443f; font-family: Roboto, sans-serif; background-color: var(--bs-body-bg); font-size: var(--bs-body-font-size);\" src=\"https:\/\/mcgeoffroy.ca\/wp-content\/uploads\/2023\/10\/pdf.png\" \/><\/a><\/p><p>Psychogiou, L., Ahun, M., Geoffroy, M., Brendgen, M., &amp; C\u00f4t\u00e9, S. (2022).\u00a0<strong>Adolescents&#8217; internalizing symptoms predict dating violence and perpetration 2 years later<\/strong>.\u00a0<em>Development and Psychopathology,<\/em>\u00a01-11. doi:10.1017\/S095457942200030X<a href=\"https:\/\/v1.mcgeoffroy.ca\/storage\/2022\/09\/adolescents-internalizing-symptoms-predict-dating-violence-victimization-and-perpetration-2-years-later.pdf\" target=\"_blank\" rel=\"noopener\"><img decoding=\"async\" src=\"https:\/\/mcgeoffroy.ca\/wp-content\/uploads\/2023\/10\/pdf.png\" alt=\"\" width=\"35\" height=\"35\" \/><\/a><\/p><p>Chadi, N.,\u00a0Castellanos-Ryan, N., &amp;\u00a0Geoffroy, MC.\u00a0(2022).\u00a0<strong>COVID-19 and the impacts on youth mental health: Emerging evidence from longitudinal studies<\/strong>.\u00a0<em>Canadian Journal of Public Health,<\/em>\u00a0<i>113<\/i>(1), 44-52. doi: 10.17269\/s41997-021-00567-8<a href=\"https:\/\/v1.mcgeoffroy.ca\/storage\/2022\/02\/41997_2021_Article_567.pdf\" target=\"_blank\" rel=\"noopener\"><img decoding=\"async\" src=\"https:\/\/mcgeoffroy.ca\/wp-content\/uploads\/2023\/10\/pdf.png\" alt=\"\" width=\"35\" height=\"35\" \/><\/a><\/p><p>C\u00f4t\u00e9, S. M., Geoffroy, MC., Haeck, C., Ouellet-Morin, I., Larose, S., Chadi, N., \u2026 &amp; M\u00e2sse, B. (2022).\u00a0<strong>Understanding and attenuating pandemic-related disruptions: a plan to reduce inequalities in child development<\/strong>.\u00a0<em>Canadian Journal of Public Health<\/em>, 1-13. doi: 10.17269\/s41997-021-00584-7<a href=\"https:\/\/v1.mcgeoffroy.ca\/storage\/2022\/02\/Co%C3%8C%E2%80%9Ate%C3%8C%C2%812022_Article_UnderstandingAndAttenuatingPan.pdf\" target=\"_blank\" rel=\"noopener\"><img decoding=\"async\" src=\"https:\/\/mcgeoffroy.ca\/wp-content\/uploads\/2023\/10\/pdf.png\" alt=\"\" width=\"35\" height=\"35\" \/><\/a><\/p><p>Pocuca, N., London-Nadeau, K., Geoffroy, MC., Chadi, N., S\u00e9guin, J. R., Parent, S., Boivin, M., Tremblay, R. E., C\u00f4t\u00e9, S. M., &amp; Castellanos Ryan, N. (2022).\u00a0<strong>Changes in emerging adults&#8217; alcohol and cannabis use from before to during the COVID-19 pandemic: Evidence from a prospective birth cohort<\/strong>.\u00a0<em>Journal of the Society of Psychologists in Addictive Behaviors<\/em>, 1-12. doi: 10.1037\/adb0000826<a href=\"https:\/\/mcgeoffroy.ca\/wp-content\/uploads\/2024\/05\/COVID-SU_Paper_Accepted_w_stmt-1.pdf\">\u00a0<img decoding=\"async\" src=\"https:\/\/mcgeoffroy.ca\/wp-content\/uploads\/2023\/10\/pdf.png\" alt=\"\" width=\"35\" height=\"35\" \/><\/a><\/p><\/div>\n\t\t\t\t<\/div>\n\t\t\t\t\t\t\t<div class=\"elementor-accordion-item\">\n\t\t\t\t\t<div id=\"elementor-tab-title-1806\" class=\"elementor-tab-title\" data-tab=\"6\" role=\"button\" aria-controls=\"elementor-tab-content-1806\" aria-expanded=\"false\">\n\t\t\t\t\t\t\t\t\t\t\t\t\t<span class=\"elementor-accordion-icon elementor-accordion-icon-right\" aria-hidden=\"true\">\n\t\t\t\t\t\t\t\t\t\t\t\t\t\t\t<span class=\"elementor-accordion-icon-closed\"><i class=\"fas fa-plus\"><\/i><\/span>\n\t\t\t\t\t\t\t\t<span class=\"elementor-accordion-icon-opened\"><i class=\"fas fa-minus\"><\/i><\/span>\n\t\t\t\t\t\t\t\t\t\t\t\t\t\t<\/span>\n\t\t\t\t\t\t\t\t\t\t\t\t<a class=\"elementor-accordion-title\" tabindex=\"0\">2021<\/a>\n\t\t\t\t\t<\/div>\n\t\t\t\t\t<div id=\"elementor-tab-content-1806\" class=\"elementor-tab-content elementor-clearfix\" data-tab=\"6\" role=\"region\" aria-labelledby=\"elementor-tab-title-1806\"><p>Paquin, V., Bolanis, D., Courtemanche, Y., Castellanos-Ryan, N., Boivin, M., Tremblay, R., C\u00f4t\u00e9, S., Muckle, G., &amp; Geoffroy, MC. (2021).\u00a0<strong>Longitudinal trajectories of food insecurity in childhood and their associations with mental health and functioning in\u00a0<a>adolescence<\/a><\/strong>. JAMA Network Open, 4(12), e2140085. doi: 10.1001\/jamanetworkopen.2021.40085<a href=\"https:\/\/v1.mcgeoffroy.ca\/storage\/2021\/12\/paquin_2021_oi_211126_1639407897.17442.pdf\" target=\"_blank\" rel=\"noopener\"><img decoding=\"async\" class=\"alignnone size-full wp-image-2996\" src=\"https:\/\/mcgeoffroy.ca\/wp-content\/uploads\/2023\/10\/pdf.png\" alt=\"\" width=\"35\" height=\"35\" \/><\/a><\/p><p>Oncioiu, S. I., Boivin, M., Geoffroy, MC., Arseneault, L., Gal\u00e9ra, C., Navarro, M. C., Brendgen, M., Vitaro, F., Tremblay, R. E., C\u00f4t\u00e9 S. M., &amp; Orri, M. (2021).\u00a0<strong>Mental health comorbidities following peer victimization across childhood and adolescence: A 20-year longitudinal study.\u00a0<\/strong><em>Psychological medicine<\/em>, 1-13. Advance online publication. doi: 10.1017\/S0033291721003822<a href=\"https:\/\/v1.mcgeoffroy.ca\/storage\/2021\/11\/mental-health-comorbidities-following-peer-victimization-across-childhood-and-adolescence-a-20-year-longitudinal-study.pdf\" target=\"_blank\" rel=\"noopener\"><img decoding=\"async\" class=\"alignnone size-full wp-image-2996\" src=\"https:\/\/mcgeoffroy.ca\/wp-content\/uploads\/2023\/10\/pdf.png\" alt=\"\" width=\"35\" height=\"35\" \/><\/a><\/p><p>Orri, M.,\u00a0Vergunst, F.,\u00a0Turecki, G., Galera, C., Latimer, E., Bouchard, S.,\u00a0Domond, P.,\u00a0Vitaro, F.,\u00a0Algan, Y., Tremblay, R. E.,\u00a0Geoffroy, MC., &amp; C\u00f4t\u00e9, S. M.\u00a0(2021).\u00a0<strong>Long-term economic and social outcomes of youth suicide attempt<\/strong>.\u00a0<em>British Journal of Psychiatry.<\/em>\u00a01-7. doi:10.1192\/bjp.2021.133<a style=\"background-color: var(--bs-body-bg);\" href=\"https:\/\/mcgeoffroy.ca\/wp-content\/uploads\/2024\/07\/Orri_et_al._Economic_and_social_outcomes_of_youth_suicide_attempt_-_accepted_version_-_BJPsych.pdf\"><span style=\"color: var(--black); background-color: var(--bs-body-bg);\">\u00a0<\/span><span style=\"background-color: var(--bs-body-bg);\"><img decoding=\"async\" style=\"color: #0b443f; font-family: Roboto, sans-serif; background-color: var(--bs-body-bg); font-size: var(--bs-body-font-size);\" src=\"https:\/\/mcgeoffroy.ca\/wp-content\/uploads\/2023\/10\/pdf.png\" \/><\/span><\/a><\/p><p>Watkins-Martin, K.,\u00a0Orri, M.,\u00a0Pennestri, H., Castellanos-Ryan, N., Larose, S., Gouin, J.P., Ouellet-Morin, I., Philippe, F., Boivin, M., Tremblay, R.E.,\u00a0C\u00f4t\u00e9, S. &amp; Geoffroy, MC.<strong>\u00a0<\/strong>(2021).<strong>\u00a0Depression and anxiety symptoms in young adults before and during the COVID-19 pandemic: Evidence from a Canadian population-based cohort<\/strong>.\u00a0<em>Annals\u00a0of General\u00a0Psychiatry<\/em>,\u00a0<em>20<\/em>(42).\u00a0doi:\u00a010.1186\/s12991-021-00362-2<a href=\"https:\/\/v1.mcgeoffroy.ca\/storage\/2021\/09\/Watkins-Martin_et_al-2021-Annals_of_General_Psychiatry.pdf\" target=\"_blank\" rel=\"noopener\"><img decoding=\"async\" class=\"alignnone size-full wp-image-2996\" src=\"https:\/\/mcgeoffroy.ca\/wp-content\/uploads\/2023\/10\/pdf.png\" alt=\"\" width=\"35\" height=\"35\" \/><\/a><\/p><p>Rioux, C., Huet, A-S.,\u00a0Castellanos-Ryan, N., Fortier, L., Le Blanc, M., Hamaoui, S.,\u00a0Geoffroy, MC., Renaud, J., &amp; S\u00e9guin, J. R. (2021).\u00a0<strong>Systematic review and meta-analysis: The direction of the association between substance use disorders and suicidality in youth<\/strong>.\u00a0<em>Plos\u00a0One, 16<\/em>(8), e0255799.\u00a0doi: 10.1371\/journal.pone.0255799<a href=\"https:\/\/v1.mcgeoffroy.ca\/storage\/2021\/08\/journal.pone_.0255799.pdf\" target=\"_blank\" rel=\"noopener\"><img decoding=\"async\" class=\"alignnone size-full wp-image-2996\" src=\"https:\/\/mcgeoffroy.ca\/wp-content\/uploads\/2023\/10\/pdf.png\" alt=\"\" width=\"35\" height=\"35\" \/><\/a><\/p><p>Brillon, P., Philippe, F.L., Paradis, A.,\u00a0Geoffroy, MC.,\u00a0Orri, M., &amp; Ouellet-Morin, I. (2021).\u00a0<strong>Psychological distress of mental health workers during the COVID-19 pandemic: A comparison with the general population in high and low-incidence regions<\/strong>.\u00a0<em>Journal of Clinical Psychology.<\/em>\u00a0Advance online publication. doi: 10.1002\/jclp.23238<a href=\"https:\/\/v1.mcgeoffroy.ca\/storage\/2021\/10\/jclp.23238.pdf\" target=\"_blank\" rel=\"noopener\"><img decoding=\"async\" class=\"alignnone size-full wp-image-2996\" src=\"https:\/\/mcgeoffroy.ca\/wp-content\/uploads\/2023\/10\/pdf.png\" alt=\"\" width=\"35\" height=\"35\" \/><\/a><\/p><p>Commisso, M.,\u00a0Temcheff, C.,\u00a0Orri, M., Poirier, M., Lau, M., C\u00f4t\u00e9, S.,\u00a0Vitaro, F.,\u00a0Turecki, G., Tremblay, R., &amp; Geoffroy, MC.\u00a0(2021).\u00a0<strong>Childhood externalizing, internalizing and comorbid problems: Distinguishing young adults who think about suicide from those who attempt suicide<\/strong>.\u00a0<em>Psychological Medicine,\u00a0<\/em>1-8.\u00a0doi:10.1017\/S0033291721002464<em>\u00a0<\/em><a href=\"https:\/\/v1.mcgeoffroy.ca\/storage\/2022\/06\/Comorbidity_Manuscript__002_.pdf\" target=\"_blank\" rel=\"noopener\"><img decoding=\"async\" class=\"alignnone size-full wp-image-2996\" src=\"https:\/\/mcgeoffroy.ca\/wp-content\/uploads\/2023\/10\/pdf.png\" alt=\"\" width=\"35\" height=\"35\" \/><\/a><\/p><p>Perret, L.C., Ki, M., Commisso, M., Chon, D., Scardera, S., Kim, W., Fuhrer, R., Gariepy, G., Ouellet-Morin, I., &amp; Geoffroy, MC.\u00a0(2021).\u00a0<strong>Perceived friend support buffers against symptoms of depression in peer victimized adolescents: Evidence from a population-based cohort in South Korea.<\/strong>\u00a0<em>Journal of Affective Disorders<\/em>,\u00a0<em>291<\/em>, 24-31. doi: 10.1016\/j.jad.2021.04.078<a href=\"https:\/\/v1.mcgeoffroy.ca\/storage\/2022\/06\/Perret_KCYPS_Manuscript_revised_v14_postprint.pdf\" target=\"_blank\" rel=\"noopener\"><img decoding=\"async\" class=\"alignnone size-full wp-image-2996\" src=\"https:\/\/mcgeoffroy.ca\/wp-content\/uploads\/2023\/10\/pdf.png\" alt=\"\" width=\"35\" height=\"35\" \/><\/a><\/p><p>Gifuni, AJ., Chakravarty, MM., Lepage, M., Ho, TC., Geoffroy, MC, Lacourse, E., Gotlib, I.H., Turecki, G., Renaud, J., &amp; Jollant, F.\u00a0(2021).\u00a0<strong>Brain cortical and subcortical morphology in depressed adolescents with a history of suicide attempt<\/strong>.\u00a0<em>Journal of Psychiatry and Neuroscience<\/em>,\u00a0<em>46<\/em>(30), E347-357. doi:10.1503\/jpn.200198 <a href=\"https:\/\/v1.mcgeoffroy.ca\/storage\/2022\/09\/E347.full_.pdf\" target=\"_blank\" rel=\"noopener\"><img decoding=\"async\" class=\"alignnone size-full wp-image-2996\" src=\"https:\/\/mcgeoffroy.ca\/wp-content\/uploads\/2023\/10\/pdf.png\" alt=\"\" width=\"35\" height=\"35\" \/><\/a><\/p><p>Navarro, M., Ouellet-Morin, I., Geoffroy, MC., Boivin, M., Tremblay, R. E., C\u00f4t\u00e9, S. M., &amp; Orri, M. (2021).\u00a0<strong>Machine learning assessment of early life factors predicting suicide attempt in adolescence or young adulthood<\/strong>. J<em>AMA Network Open<\/em>, 4(3), e211450-e211450. doi: 10.1001\/jamanetworkopen.2021.1450<a href=\"https:\/\/v1.mcgeoffroy.ca\/storage\/2021\/06\/navarro_2021_oi_210070_1614962893.68263.pdf\" target=\"_blank\" rel=\"noopener\"><img decoding=\"async\" class=\"alignnone size-full wp-image-2996\" src=\"https:\/\/mcgeoffroy.ca\/wp-content\/uploads\/2023\/10\/pdf.png\" alt=\"\" width=\"35\" height=\"35\" \/><\/a><\/p><p>Orri, M., Chadi, N., Ahun, MN., Seguin, J.R., Tremblay, R.E., Boivin M, Turecki, G., Geoffroy. MC., &amp; C\u00f4t\u00e9, S.M.\u00a0(2021).\u00a0<strong>Risk of suicidal ideation and attempt for children exposed to maternal smoking during pregnancy and childhood: A 20-year population-based cohort study.<\/strong>\u00a0<em>Journal of Affective disorders, 286,<\/em>\u00a010-18. doi: 10.1016\/j.jad.2021.02.047<a href=\"https:\/\/v1.mcgeoffroy.ca\/storage\/2021\/06\/Orri_et_al._2021_JAD_w_stmt.pdf\" target=\"_blank\" rel=\"noopener\"><img decoding=\"async\" class=\"alignnone size-full wp-image-2996\" src=\"https:\/\/mcgeoffroy.ca\/wp-content\/uploads\/2023\/10\/pdf.png\" alt=\"\" width=\"35\" height=\"35\" \/><\/a><\/p><p>Ouellet-Morin,\u00a0I., Cantave, C., Lupien, S., Geoffroy, MC., Brendgen, M., Vitaro, F., Tremblay, R. E., Boivin, M., &amp; C\u00f4t\u00e9, S. M. (2021).\u00a0<strong>Cumulative exposure to socioeconomic and psychosocial adversity and hair cortisol concentration: A longitudinal study from 5 month to 17 years of age<\/strong>.\u00a0 P<em>sychoneuroendocrinology<\/em>,\u00a0<em>126,\u00a0<\/em>105153. doi: 10.1016\/j.psyneuen.2021.105153<a href=\"https:\/\/v1.mcgeoffroy.ca\/storage\/2022\/06\/Manuscript_Ouellet-Morinetal_Complet.pdf\" target=\"_blank\" rel=\"noopener\"><img decoding=\"async\" class=\"alignnone size-full wp-image-2996\" src=\"https:\/\/mcgeoffroy.ca\/wp-content\/uploads\/2023\/10\/pdf.png\" alt=\"\" width=\"35\" height=\"35\" \/><\/a><\/p><p>Forte, A., Orri, M., Turecki, G., Galera, C., Pompili, M., Boivin, M., Tremblay, R. E., C\u00f4t\u00e9, S. M., &amp; Geoffroy MC. (2021).\u00a0<strong>Identifying environmental pathways between irritability during childhood and suicidal ideation and attempt in adolescence: Findings from a 20-year population-based study<\/strong>.\u00a0<em>Journal of Child Psychology and Psychiatry<\/em>, 1-8. doi: 10.1111\/jcpp.13411<a href=\"https:\/\/v1.mcgeoffroy.ca\/storage\/2022\/06\/Forte_et_al_JCPP_accepted_version_w_stmt.pdf\" target=\"_blank\" rel=\"noopener\"><img decoding=\"async\" class=\"alignnone size-full wp-image-2996\" src=\"https:\/\/mcgeoffroy.ca\/wp-content\/uploads\/2023\/10\/pdf.png\" alt=\"\" width=\"35\" height=\"35\" \/><\/a><\/p><p>Orri, M.,\u00a0Pingault, J-B., Turecki, G., Nyut, A. M, Tremblay, R. E, C\u00f4t\u00e9, S. M., &amp; Geoffroy,\u00a0MC. (2021).\u00a0<strong>Examining the contribution of birth weight\u00a0to mental health and\u00a0socioeconomic outcomes: A two-sample Mendelian randomization.<\/strong>\u00a01-8.\u00a0<em>British\u00a0Journal of Psychiatry<\/em>. doi:10.1192\/bjp.2021.15<a href=\"https:\/\/v1.mcgeoffroy.ca\/storage\/2021\/06\/Orri_et_al._Birthweight_MR_BJPsych_publisher_Versio_paid_gold_access.pdf\" target=\"_blank\" rel=\"noopener\"><img decoding=\"async\" class=\"alignnone size-full wp-image-2996\" src=\"https:\/\/mcgeoffroy.ca\/wp-content\/uploads\/2023\/10\/pdf.png\" alt=\"\" width=\"35\" height=\"35\" \/><\/a><\/p><\/div>\n\t\t\t\t<\/div>\n\t\t\t\t\t\t\t<div class=\"elementor-accordion-item\">\n\t\t\t\t\t<div id=\"elementor-tab-title-1807\" class=\"elementor-tab-title\" data-tab=\"7\" role=\"button\" aria-controls=\"elementor-tab-content-1807\" aria-expanded=\"false\">\n\t\t\t\t\t\t\t\t\t\t\t\t\t<span class=\"elementor-accordion-icon elementor-accordion-icon-right\" aria-hidden=\"true\">\n\t\t\t\t\t\t\t\t\t\t\t\t\t\t\t<span class=\"elementor-accordion-icon-closed\"><i class=\"fas fa-plus\"><\/i><\/span>\n\t\t\t\t\t\t\t\t<span class=\"elementor-accordion-icon-opened\"><i class=\"fas fa-minus\"><\/i><\/span>\n\t\t\t\t\t\t\t\t\t\t\t\t\t\t<\/span>\n\t\t\t\t\t\t\t\t\t\t\t\t<a class=\"elementor-accordion-title\" tabindex=\"0\">2020<\/a>\n\t\t\t\t\t<\/div>\n\t\t\t\t\t<div id=\"elementor-tab-content-1807\" class=\"elementor-tab-content elementor-clearfix\" data-tab=\"7\" role=\"region\" aria-labelledby=\"elementor-tab-title-1807\"><p>Orri, M., Boivin, M., Chen, C., Ahun, M.N., Geoffroy, MC., Ouellet-Morin, I., Tremblay, R.E., &amp; C\u00f4t\u00e9 S.M. (2020).\u00a0<strong>Cohort profile: Quebec Longitudinal Study of Child Development (QLSCD)<\/strong>.\u00a0<em>Social Psychiatry &amp; Psychiatry Epidemiology.\u00a0<\/em>1-12.doi: 10.1007\/s00127-020-01972-z<a href=\"https:\/\/v1.mcgeoffroy.ca\/storage\/2021\/06\/Orri_et_al._2020_SPPE_Cohort_profile_ELDEQ_accepted_version.pdf\" target=\"_blank\" rel=\"noopener\"><img decoding=\"async\" src=\"https:\/\/mcgeoffroy.ca\/wp-content\/uploads\/2023\/10\/pdf.png\" alt=\"\" width=\"35\" height=\"35\" \/><\/a><\/p><p>Scardera, S., Perret, L., Ouellet-Morin, I., Gariepy, G., Juster, RP., Boivin, M., Turecki, G., Tremblay, R., C\u00f4t\u00e9, S., &amp; Geoffroy, MC. (2020).\u00a0<strong>Social support and protection from depression, anxiety and suicide ideation and attempts in emerging adulthood: A longitudinal population-based study in Canada.<\/strong>\u00a0<em>JAMA Network Open<\/em>,<em>\u00a03<\/em>(12), e2027491. doi: 10.1001\/jamanetworkopen.2020.27491<a href=\"https:\/\/v1.mcgeoffroy.ca\/storage\/2021\/06\/Scardera_2020_JAMA_Network_open.pdf\" target=\"_blank\" rel=\"noopener\"><img decoding=\"async\" src=\"https:\/\/mcgeoffroy.ca\/wp-content\/uploads\/2023\/10\/pdf.png\" alt=\"\" width=\"35\" height=\"35\" \/><\/a><\/p><p>Orri, M., Russell, A., Mars, B., Turecki, G., Gunnell, D., Heron, J., Nuyt, A-M., Tremblay, R. E., Boivin, M., C\u00f4t\u00e9, S. M., &amp; Geoffroy, MC. (2020).\u00a0<strong>Perinatal adversity profiles and suicide attempt in adolescence and young adulthood: Longitudinal analyses from two 20-year birth cohorts.\u00a0<\/strong><em>Psychological Medicine<\/em>. 1-13. doi:10.1017\/S0033291720002974<a href=\"https:\/\/v1.mcgeoffroy.ca\/storage\/2021\/06\/Orri_2020_Psychol_Med.pdf\" target=\"_blank\" rel=\"noopener\"><img decoding=\"async\" src=\"https:\/\/mcgeoffroy.ca\/wp-content\/uploads\/2023\/10\/pdf.png\" alt=\"\" width=\"35\" height=\"35\" \/><\/a><\/p><p>Orri, M., Seguin, J., Castellanos Ryan, N, Tremblay, R. E., C\u00f4t\u00e9, S. M., Turecki, G., &amp; Geoffroy, MC. (2020).\u00a0<strong>A genetically informed study on the association between cannabis, alcohol, and tobacco smoking with suicide attempt.<\/strong>\u00a0<em>Molecular Psychiatry<\/em>. 1-10. doi: 10.1038\/s41380-020-0785-6<a href=\"https:\/\/v1.mcgeoffroy.ca\/storage\/2021\/06\/Orri_2020_Molecular_psych.pdf\" target=\"_blank\" rel=\"noopener\"><img decoding=\"async\" src=\"https:\/\/mcgeoffroy.ca\/wp-content\/uploads\/2023\/10\/pdf.png\" alt=\"\" width=\"35\" height=\"35\" \/><\/a><\/p><p>Bolanis, D., Orri, M., Castellanos-Ryan, N., Renaud, J., Montreuil, T., Boivin, M., Vitaro, F., Tremblay, R., Turecki, G., C\u00f4t\u00e9, S., S\u00e9guin, J. R., &amp; Geoffroy, MC. (2020).\u00a0<strong>Cannabis use, depression and suicidal ideation\/attempt in adolescence: Comorbidity and direction of associations in a population-based cohort.<\/strong>\u00a0<em>Journal of Affective Disorders,<\/em>\u00a0<em>274<\/em>, 1076-1083. doi: 10.1016\/j.jad.2020.05.136<a href=\"https:\/\/v1.mcgeoffroy.ca\/storage\/2021\/11\/Bolanis_2020_JAffDis_stmt.pdf\" target=\"_blank\" rel=\"noopener\"><img decoding=\"async\" src=\"https:\/\/mcgeoffroy.ca\/wp-content\/uploads\/2023\/10\/pdf.png\" alt=\"\" width=\"35\" height=\"35\" \/><\/a><\/p><p>Orri, M., Scardera, S., Perret, L. C., Bolanis, D., Temcheff, C., S\u00e9guin, J. R., Boivin, M., Turecki, G., Tremblay, R., C\u00f4t\u00e9, SM., &amp; Geoffroy, MC. (2020).\u00a0<strong>Mental health problems and risk of suicidal ideation and attempts in adolescents<\/strong>.\u00a0<em>Pediatrics, 146<\/em>, e20193823. doi: 10.1542\/peds.2019-3823\u00a0<em>(To view published editorial or commentary on this research article, click\u00a0<\/em><a href=\"https:\/\/www.aappublications.org\/news\/2020\/06\/16\/suicide-related-outcomes-mental-health-pediatrics-6-16-20\" target=\"_blank\" rel=\"noreferrer noopener\"><em>HERE<\/em><\/a><em>.)<\/em><\/p><p>Gifuni, A. J., Perret, L. C., Lacourse, E., Geoffroy, MC., Mbekou, V., Jollant, F., &amp; Renaud, J. (2020).\u00a0<strong>Decision making and cognitive control in adolescent suicidal behaviors: A qualitative systematic review of the literature.<\/strong>\u00a0<em>European Child &amp; Adolescent Psychiatry.<\/em>\u00a01-17. doi: 10.1007\/s00787-020-01550-3<\/p><p>Lesage, A., Rassy, J., Burrows, C., Renaud, J., Lambin, M., Garel, K., Medina, K., Gagn<span style=\"background-color: var(--bs-body-bg);\">\u00e9<\/span><span style=\"color: var(--black); background-color: var(--bs-body-bg);\">, M., Geoffroy, MC., Seguin, M., Tremblay, M., Moubarac, J-C., Ligier, F., Daniels, S., &amp; Turecki, G. (2020).\u00a0<\/span><strong style=\"color: var(--black); background-color: var(--bs-body-bg);\">Solidaires pour la vie: Un programme scolaire canadien de litt\u00e9ratie en sant\u00e9 mentale pour pr\u00e9venir le suicide chez les adolescents.\u00a0<\/strong><em style=\"color: var(--black); background-color: var(--bs-body-bg);\">Perspectives Psy<\/em><span style=\"color: var(--black); background-color: var(--bs-body-bg);\">,\u00a0<\/span><em style=\"color: var(--black); background-color: var(--bs-body-bg);\">59<\/em><span style=\"color: var(--black); background-color: var(--bs-body-bg);\">(2), 127-139. doi: 10.1051\/ppsy\/202059127<\/span><\/p><p>Geoffroy, MC., Orri, M., Girard, A., Perret, L. C., &amp; Turecki, G. (2020).\u00a0<strong>Trajectories of suicide attempts from early adolescence to emerging adulthood: prospective 11-year follow-up of a Canadian cohort.<\/strong>\u00a0<em>Psychological Medicine<\/em>. 1-11. doi: 10.1017\/S0033291720000732<a href=\"https:\/\/v1.mcgeoffroy.ca\/storage\/2021\/06\/Geoffroy_2020_Psychol_Med.pdf\" target=\"_blank\" rel=\"noopener\"><img decoding=\"async\" src=\"https:\/\/mcgeoffroy.ca\/wp-content\/uploads\/2023\/10\/pdf.png\" alt=\"\" width=\"35\" height=\"35\" \/><\/a><\/p><p>Ouellet-Morin,\u00a0I., Cantave, C., Paquin, S., Geoffroy, MC., Brendgen, M., Vitaro, F., Tremblay, R. E., Boivin, M., Lupien, S., &amp; C\u00f4t\u00e9, S. M. (2020).\u00a0<strong>Associations between developmental trajectories of peer victimization, hair cortisol and depressive symptoms: A longitudinal study<em>.<\/em><\/strong><em>\u00a0Journal of Child Psychology and Psychiatry<\/em>,\u00a0<em>62<\/em>, 19-27. doi: 10.1111\/jcpp.13228<span style=\"color: var(--black); background-color: var(--bs-body-bg);\">Oncioiu, S., Orri, M., Boivin, M., Geoffroy, MC., Arsenault, L., Brendgen, M., Vitaro, F., Navarro, M., Gal\u00e9ra, C., Tremblay, R. E, &amp; C\u00f4t\u00e9, S.M. (2020).\u00a0<\/span><strong style=\"color: var(--black); background-color: var(--bs-body-bg);\">Early childhood factors associated with peer victimization trajectories from 6 to 17 years of age.<\/strong><span style=\"color: var(--black); background-color: var(--bs-body-bg);\">\u00a0<\/span><em style=\"color: var(--black); background-color: var(--bs-body-bg);\">Pediatrics, 145<\/em><span style=\"color: var(--black); background-color: var(--bs-body-bg);\">(5), e20192654. doi\u00a0: 10.1542\/peds.2019-2654<a href=\"https:\/\/mcgeoffroy.ca\/wp-content\/uploads\/2024\/05\/Ouellet-Morin_2020_JCPP.pdf\">\u00a0<\/a><\/span><a href=\"https:\/\/mcgeoffroy.ca\/wp-content\/uploads\/2024\/05\/Ouellet-Morin_2020_JCPP.pdf\"><span style=\"background-color: var(--bs-body-bg);\">\u00a0<\/span><img decoding=\"async\" src=\"https:\/\/mcgeoffroy.ca\/wp-content\/uploads\/2023\/10\/pdf.png\" alt=\"\" width=\"35\" height=\"35\" \/><\/a><\/p><p>Perret, L. C.,\u00a0Orri, M., Boivin, M., Ouellet-Morin, I., C\u00f4t\u00e9, S. R., Tremblay, R. E., Renaud, J., Turecki, G., &amp;\u00a0Geoffroy, MC. (2020).\u00a0<strong>Cybervictimization in adolescence and its association with subsequent suicidal ideation\/attempt beyond face-to-face victimization: A longitudinal populational based study<\/strong>.\u00a0<em>Journal\u00a0of Child Psychology and\u00a0Psychiatry, 61<\/em>(8), 866-874. doi: doi.org\/10.1111\/jcpp.13158 <a href=\"https:\/\/v1.mcgeoffroy.ca\/storage\/2022\/06\/Perret_2020_JCPP.pdf\" target=\"_blank\" rel=\"noopener\"><img decoding=\"async\" src=\"https:\/\/mcgeoffroy.ca\/wp-content\/uploads\/2023\/10\/pdf.png\" alt=\"\" width=\"35\" height=\"35\" \/><\/a><em>(To view published editorial or commentary on this research article, click\u00a0<\/em><a href=\"https:\/\/www.acamh.org\/research-digest\/do-cybervictimization-and-face-to-face-victimization-affect-suicide-ideation-risk-in-the-same-way\/?utm_content=buffer839ae&amp;utm_medium=social&amp;utm_source=twitter.com&amp;utm_campaign=buffer\" target=\"_blank\" rel=\"noreferrer noopener\"><em>HERE<\/em><\/a><em>.)<\/em><\/p><\/div>\n\t\t\t\t<\/div>\n\t\t\t\t\t\t\t<div class=\"elementor-accordion-item\">\n\t\t\t\t\t<div id=\"elementor-tab-title-1808\" class=\"elementor-tab-title\" data-tab=\"8\" role=\"button\" aria-controls=\"elementor-tab-content-1808\" aria-expanded=\"false\">\n\t\t\t\t\t\t\t\t\t\t\t\t\t<span class=\"elementor-accordion-icon elementor-accordion-icon-right\" aria-hidden=\"true\">\n\t\t\t\t\t\t\t\t\t\t\t\t\t\t\t<span class=\"elementor-accordion-icon-closed\"><i class=\"fas fa-plus\"><\/i><\/span>\n\t\t\t\t\t\t\t\t<span class=\"elementor-accordion-icon-opened\"><i class=\"fas fa-minus\"><\/i><\/span>\n\t\t\t\t\t\t\t\t\t\t\t\t\t\t<\/span>\n\t\t\t\t\t\t\t\t\t\t\t\t<a class=\"elementor-accordion-title\" tabindex=\"0\">2019<\/a>\n\t\t\t\t\t<\/div>\n\t\t\t\t\t<div id=\"elementor-tab-content-1808\" class=\"elementor-tab-content elementor-clearfix\" data-tab=\"8\" role=\"region\" aria-labelledby=\"elementor-tab-title-1808\"><p>Richard-Devantoy, S.,\u00a0Orri, M., Bertrand, J. A., Greenway, K. T., Turecki, G., Gunnell, D., Power, C., &amp;\u00a0Geoffroy, MC. (2019).\u00a0<strong>Childhood cognitive skill trajectories and suicide by mid-adulthood: An investigation of the 1958 British Birth Cohort.<\/strong>\u00a0<em>Psychological Medicine<\/em>,\u00a0<em>51<\/em>(3), 1-8. doi\u00a0: 10.1017\/S0033291719003143<a href=\"https:\/\/v1.mcgeoffroy.ca\/storage\/2021\/06\/Richard-Devantoy_2019_Psyc_Med.pdf\" target=\"_blank\" rel=\"noopener\"><img decoding=\"async\" class=\"alignnone size-full wp-image-2996\" src=\"https:\/\/mcgeoffroy.ca\/wp-content\/uploads\/2023\/10\/pdf.png\" alt=\"\" width=\"35\" height=\"35\" \/><\/a><\/p><p>Orri,\u00a0M., Geoffroy, MC., Turecki, G., Feng, B., Brendgen, M., Vitaro, F., Dionne, G., Paquin, S.,\u00a0Galera, C., Renaud, J., Tremblay,\u00a0R. E.,\u00a0C\u00f4t\u00e9, S. M., &amp; Boivin, M. (2019).\u00a0<strong>Contribution of genes and environment to the\u00a0longitudinal association between childhood\u00a0impulsive-aggression and suicidality\u00a0in adolescence<em>.<\/em><\/strong><em>\u00a0Journal\u00a0of Child Psychology and\u00a0Psychiatry, 61<\/em>(6), 711-720. doi: 10.1111\/jcpp.13163<a href=\"https:\/\/v1.mcgeoffroy.ca\/storage\/2022\/06\/Orri_2020_JCPP.pdf\" target=\"_blank\" rel=\"noopener\"><img decoding=\"async\" class=\"alignnone size-full wp-image-2996\" src=\"https:\/\/mcgeoffroy.ca\/wp-content\/uploads\/2023\/10\/pdf.png\" alt=\"\" width=\"35\" height=\"35\" \/><\/a><\/p><p>Viau, S. J., Denault, A. S., Dionne, G., Brendgen, M.,\u00a0Geoffroy, MC., Larose, S., &amp; Boivin, M. (2019).\u00a0<strong>Joint trajectories of peer cyber and traditional victimization in adolescence: A look at risk factors.<\/strong>\u00a0<em>Journal of Early Adolescence, 40<\/em>(7), 936-965. doi: 10.1177\/0272431619880339<a href=\"https:\/\/v1.mcgeoffroy.ca\/storage\/2021\/06\/CYBER_text_rev1_final_corpusUL.pdf\" target=\"_blank\" rel=\"noopener\"><img decoding=\"async\" class=\"alignnone size-full wp-image-2996\" src=\"https:\/\/mcgeoffroy.ca\/wp-content\/uploads\/2023\/10\/pdf.png\" alt=\"\" width=\"35\" height=\"35\" \/><\/a><\/p><p>Orri, M., Gunnell, D., Richard-Devantoy, S.,\u00a0Bolanis, D., Boruff, J., Turecki, G., &amp; Geoffroy, MC. (2019).\u00a0<strong>In-utero and perinatal influences on suicide risk: A systematic review and meta-analysis.<\/strong>\u00a0<em>The Lancet Psychiatry, 6<\/em>(6), 477-492. doi: 10.1016\/S2215-0366(19)30077-X<a href=\"https:\/\/v1.mcgeoffroy.ca\/storage\/2021\/06\/Orri_2019_Lancet_psych.pdf\" target=\"_blank\" rel=\"noopener\"><img decoding=\"async\" class=\"alignnone size-full wp-image-2996\" src=\"https:\/\/mcgeoffroy.ca\/wp-content\/uploads\/2023\/10\/pdf.png\" alt=\"\" width=\"35\" height=\"35\" \/><\/a><\/p><p>Larose, MP., Ouellet-Morin, I., Vitaro, F., Geoffroy, MC., Ahun, M., Tremblay, R. E, &amp; C\u00f4t\u00e9, S. M. (2019).\u00a0<strong>Impact of a social skills program on children&#8217;s stress: A cluster-randomized trial.\u00a0<\/strong><em>Psychoneuroendocrinology, 104<\/em>, 115-121. doi: 0.1016\/j.psyneuen.2019.02.017<a href=\"https:\/\/v1.mcgeoffroy.ca\/storage\/2021\/06\/Larose_2019_Psychoneuroendocrin.pdf\" target=\"_blank\" rel=\"noopener\"><img decoding=\"async\" class=\"alignnone size-full wp-image-2996\" src=\"https:\/\/mcgeoffroy.ca\/wp-content\/uploads\/2023\/10\/pdf.png\" alt=\"\" width=\"35\" height=\"35\" \/><\/a><\/p><p>Gardner, M., Lightman, S., Kuh, D., Comijs, H., Deeg, D., Gallacher, J., Geoffroy, MC., Kivimaki, M., Kumari, M., Power, C., Hardy, R., Richards, M., &amp; Ben-Shlomo, Y. (2019).\u00a0<strong>Dysregulation of the hypothalamic pituitary adrenal (HPA) axis and cognitive capability at older ages: individual participant meta-analysis of five cohorts.<\/strong>\u00a0<em>Scientific reports<\/em>,\u00a0<em>9<\/em>(1), 4555. doi: 10.1038\/s41598-019-40566-x<a href=\"https:\/\/v1.mcgeoffroy.ca\/storage\/2021\/06\/Gardner_2019_Scientific_Report.pdf\" target=\"_blank\" rel=\"noopener\"><img decoding=\"async\" class=\"alignnone size-full wp-image-2996\" src=\"https:\/\/mcgeoffroy.ca\/wp-content\/uploads\/2023\/10\/pdf.png\" alt=\"\" width=\"35\" height=\"35\" \/><\/a><\/p><p>Orri, M., Galera, C., Turecki, G., Boivin, M., Tremblay, R. E., Geoffroy, MC., &amp; C\u00f4t\u00e9, S. M. (2019).\u00a0<strong>Pathways of association between childhood irritability and adolescent suicidality.<\/strong>\u00a0<em>Journal of the American Academy of Child and Adolescent Psychiatry, 58<\/em>, 99-107. doi: 10.1016\/j.jaac.2018.06.034\u00a0<em>(To see published editorial or commentary on this research article, click\u00a0<\/em><a href=\"https:\/\/jaacap.org\/article\/S0890-8567(18)31969-5\/fulltext#secsectitle0010\" target=\"_blank\" rel=\"noreferrer noopener\"><em>HERE<\/em><\/a><em>.)\u00a0<\/em><a href=\"https:\/\/v1.mcgeoffroy.ca\/storage\/2021\/06\/Orri_2019_JAACAP.pdf\" target=\"_blank\" rel=\"noopener\"><img decoding=\"async\" class=\"alignnone size-full wp-image-2996\" src=\"https:\/\/mcgeoffroy.ca\/wp-content\/uploads\/2023\/10\/pdf.png\" alt=\"\" width=\"35\" height=\"35\" \/><\/a><\/p><\/div>\n\t\t\t\t<\/div>\n\t\t\t\t\t\t\t<div class=\"elementor-accordion-item\">\n\t\t\t\t\t<div id=\"elementor-tab-title-1809\" class=\"elementor-tab-title\" data-tab=\"9\" role=\"button\" aria-controls=\"elementor-tab-content-1809\" aria-expanded=\"false\">\n\t\t\t\t\t\t\t\t\t\t\t\t\t<span class=\"elementor-accordion-icon elementor-accordion-icon-right\" aria-hidden=\"true\">\n\t\t\t\t\t\t\t\t\t\t\t\t\t\t\t<span class=\"elementor-accordion-icon-closed\"><i class=\"fas fa-plus\"><\/i><\/span>\n\t\t\t\t\t\t\t\t<span class=\"elementor-accordion-icon-opened\"><i class=\"fas fa-minus\"><\/i><\/span>\n\t\t\t\t\t\t\t\t\t\t\t\t\t\t<\/span>\n\t\t\t\t\t\t\t\t\t\t\t\t<a class=\"elementor-accordion-title\" tabindex=\"0\">2018<\/a>\n\t\t\t\t\t<\/div>\n\t\t\t\t\t<div id=\"elementor-tab-content-1809\" class=\"elementor-tab-content elementor-clearfix\" data-tab=\"9\" role=\"region\" aria-labelledby=\"elementor-tab-title-1809\"><p>C\u00f4t\u00e9, S. M., Ahun, M., Herba, C., Brendgen, M., Geoffroy, MC., Orri, M., Liu, X., Vitaro, F., Melchior, M., Boivin, M., &amp; Tremblay, R. E. (2018).\u00a0<strong>Why is maternal depression related to adolescent internalizing problems? A 15-year population-based study.\u00a0<\/strong>\u00a0<em>Journal of the American Academy of Child and Adolescent Psychiatry, 57<\/em>(12), 916-924. doi: 10.1016\/j.jaac.2018.04.024<a href=\"https:\/\/v1.mcgeoffroy.ca\/storage\/2021\/06\/Co%C3%8C%E2%80%9Ate%C3%8C%C2%81_2018_JAACAP.pdf\" target=\"_blank\" rel=\"noopener\"><img decoding=\"async\" src=\"https:\/\/mcgeoffroy.ca\/wp-content\/uploads\/2023\/10\/pdf.png\" alt=\"\" width=\"35\" height=\"35\" \/><\/a><\/p><p>Orri, M., Perret, L. C., Turecki, G., &amp; Geoffroy, MC. (2018).\u00a0<strong>Association between irritability and suicide-related outcomes across the life-course. Systematic review of both community and clinical studies.<\/strong>\u00a0<em>Journal of Affective Disorders, 239<\/em>, 220-233. doi: 10.1016\/j.jad.2018.07.010<a href=\"https:\/\/v1.mcgeoffroy.ca\/storage\/2021\/06\/Orri_2018_JAD.pdf\" target=\"_blank\" rel=\"noopener\"><img decoding=\"async\" src=\"https:\/\/mcgeoffroy.ca\/wp-content\/uploads\/2023\/10\/pdf.png\" alt=\"\" width=\"35\" height=\"35\" \/><\/a><\/p><p>Orri, M., Galera, C., Turecki, G., Forte, A., Renaud, J., Boivin, M., Tremblay, R. E., C\u00f4t\u00e9, S. M., &amp; Geoffroy, MC. (2018).\u00a0<strong>Association of childhood irritability and depressive\/ anxious mood profiles with adolescent suicidal ideation and attempts.\u00a0<\/strong><em>JAMA Psychiatry, 75<\/em>(5), 465-473. doi: 10.1001\/jamapsychiatry.2018.0174<a href=\"https:\/\/v1.mcgeoffroy.ca\/storage\/2021\/06\/Orri_2018_JAMA_psyc_PUB_VERSION_jamapsychiatry_orri_2018_oi_180006.pdf\" target=\"_blank\" rel=\"noopener\"><img decoding=\"async\" src=\"https:\/\/mcgeoffroy.ca\/wp-content\/uploads\/2023\/10\/pdf.png\" alt=\"\" width=\"35\" height=\"35\" \/><\/a><\/p><p>Geoffroy, MC., Gunnell, D., Clark, C., &amp; Power, C. (2018).\u00a0<strong>Are early life antecedents of suicide associated with an increased risk of psychiatric disorder in middle age?<\/strong>\u00a0<em>Acta Psychiatrica Scandinavica,\u00a0137<\/em>(2), 116-124. doi: 10.1111\/acps.12844<a href=\"https:\/\/mcgeoffroy.ca\/wp-content\/uploads\/2024\/05\/Geoffroy_2018_Acta_psyc_scand.pdf\">\u00a0<img decoding=\"async\" src=\"https:\/\/mcgeoffroy.ca\/wp-content\/uploads\/2023\/10\/pdf.png\" alt=\"\" width=\"35\" height=\"35\" \/><\/a><\/p><p>Geoffroy, MC., Boivin, M., Arsenault, L., Renaud, J., Perret, L. C., Turecki, G., Michel, G., Salla, J., Vitaro, F., Brendgen, M., Tremblay, R. E., &amp; C\u00f4t\u00e9, S. M. (2018).\u00a0<strong>Childhood trajectories of peer victimization and prediction of mental health outcomes in mid-adolescence: A longitudinal population-based study.<\/strong>\u00a0<em>Canadian Medical Association Journal, 190<\/em>(2), E37-43. doi: 10.1503\/cmaj.170219\u00a0<em>(To view published editorial or commentary on this research article, click\u00a0<\/em><a href=\"https:\/\/aapgrandrounds.aappublications.org\/content\/39\/5\/53\" target=\"_blank\" rel=\"noreferrer noopener\"><em>HERE<\/em><\/a><em>.)<\/em><\/p><p>Renaud, J., Lesage, A., Gagn\u00e9, M., MacNeil, S., L\u00e9gar\u00e9, G., Geoffroy, MC., Skinner, R., &amp; McFaull, S. (2018).\u00a0<strong>Regional variations in suicide rates among adolescents across Canada.<\/strong>\u00a0<em>Canadian Academy of Child and Adolescent Psychiatry, 27<\/em>(2), 112-121. PMCID: PMC5896524 <a href=\"https:\/\/v1.mcgeoffroy.ca\/storage\/2021\/06\/Regional_Variations_in_Suicide_and_Undetermined_Death_Rates.pdf\" target=\"_blank\" rel=\"noopener\"><img decoding=\"async\" src=\"https:\/\/mcgeoffroy.ca\/wp-content\/uploads\/2023\/10\/pdf.png\" alt=\"\" width=\"35\" height=\"35\" \/><\/a><\/p><\/div>\n\t\t\t\t<\/div>\n\t\t\t\t\t\t\t<div class=\"elementor-accordion-item\">\n\t\t\t\t\t<div id=\"elementor-tab-title-18010\" class=\"elementor-tab-title\" data-tab=\"10\" role=\"button\" aria-controls=\"elementor-tab-content-18010\" aria-expanded=\"false\">\n\t\t\t\t\t\t\t\t\t\t\t\t\t<span class=\"elementor-accordion-icon elementor-accordion-icon-right\" aria-hidden=\"true\">\n\t\t\t\t\t\t\t\t\t\t\t\t\t\t\t<span class=\"elementor-accordion-icon-closed\"><i class=\"fas fa-plus\"><\/i><\/span>\n\t\t\t\t\t\t\t\t<span class=\"elementor-accordion-icon-opened\"><i class=\"fas fa-minus\"><\/i><\/span>\n\t\t\t\t\t\t\t\t\t\t\t\t\t\t<\/span>\n\t\t\t\t\t\t\t\t\t\t\t\t<a class=\"elementor-accordion-title\" tabindex=\"0\">2017<\/a>\n\t\t\t\t\t<\/div>\n\t\t\t\t\t<div id=\"elementor-tab-content-18010\" class=\"elementor-tab-content elementor-clearfix\" data-tab=\"10\" role=\"region\" aria-labelledby=\"elementor-tab-title-18010\"><p>Ahun,\u00a0M. N., Geoffroy, MC., Herba, C., S\u00e9guin, J., Boivin, M., Tremblay, R. E, &amp;\u00a0C\u00f4t\u00e9, S.M.\u00a0(2017).\u00a0<strong>Timing and chronicity of maternal depression symptoms\u00a0and children&#8217;s verbal abilities.<\/strong>\u00a0<em>Journal of Pediatrics,\u00a0190<\/em>, 251-257. doi: 10.1016\/j.jpeds.2017.07.007<a href=\"https:\/\/v1.mcgeoffroy.ca\/storage\/2021\/06\/Ahun_2017_JPediatrics.pdf\" target=\"_blank\" rel=\"noopener\"><img decoding=\"async\" class=\"alignnone size-full wp-image-2996\" src=\"https:\/\/mcgeoffroy.ca\/wp-content\/uploads\/2023\/10\/pdf.png\" alt=\"\" width=\"35\" height=\"35\" \/><\/a><\/p><p>C\u00f4t\u00e9, S. M., Larose, M. P., Geoffroy, MC., Laurin, J., Vitaro, F., Tremblay, R. E., &amp; Ouellet-Morin, I. (2017).\u00a0<strong>Testing the impact of a social skill training versus waiting list control group for the reduction of disruptive behaviors and stress among preschool children in child care: The study protocol for a cluster randomized trial.<\/strong>\u00a0<em>BMC Psychology, 5<\/em>, 1-9. doi: 10.1186\/s40359-017-0197-9<a href=\"https:\/\/v1.mcgeoffroy.ca\/storage\/2021\/06\/Co%C3%8C%E2%80%9Ate%C3%8C%C2%81_2017_BMC_psycho.pdf\" target=\"_blank\" rel=\"noopener\"><img decoding=\"async\" class=\"alignnone size-full wp-image-2996\" src=\"https:\/\/mcgeoffroy.ca\/wp-content\/uploads\/2023\/10\/pdf.png\" alt=\"\" width=\"35\" height=\"35\" \/><\/a><\/p><p>Stafford, M., Ben-Shlomo, Y., Cooper, C., Gale, C., Gardner, M. P., Geoffroy, MC., Power, C., Kuh, D., &amp; Cooper, R. (2017).\u00a0<strong>Diurnal cortisol and mental wellbeing in middle and older age: Evidence from four cohort studies<\/strong>.\u00a0<em>BMJ Open,\u00a07<\/em>(10), e016085. doi: 10.1136\/bmjopen-2017-016085<a href=\"https:\/\/v1.mcgeoffroy.ca\/storage\/2021\/06\/Stafford_2017_BMJ_Open.pdf\" target=\"_blank\" rel=\"noopener\"><img decoding=\"async\" class=\"alignnone size-full wp-image-2996\" src=\"https:\/\/mcgeoffroy.ca\/wp-content\/uploads\/2023\/10\/pdf.png\" alt=\"\" width=\"35\" height=\"35\" \/><\/a><\/p><p>C\u00f4t\u00e9, S. M., Orri, M., Brendgen, M., Vitaro, F., Boivin, M., Japel, C., S\u00e9guin, J. R., Geoffroy, MC., Rouquette, A., Falissard, B., &amp; Tremblay, R. E. (2017).\u00a0<strong>Psychometric properties of the mental health and social inadaptation assessment for adolescents in a population-based sample<\/strong>.\u00a0<em>International Journal of Methods in Psychiatry Research, 26<\/em>(4), 1-10. doi: 10.1002\/mpr.1566<a href=\"https:\/\/v1.mcgeoffroy.ca\/storage\/2021\/06\/Co%C3%8C%E2%80%9Ate%C3%8C%C2%81_2017_JMPR.pdf\" target=\"_blank\" rel=\"noopener\"><img decoding=\"async\" class=\"alignnone size-full wp-image-2996\" src=\"https:\/\/mcgeoffroy.ca\/wp-content\/uploads\/2023\/10\/pdf.png\" alt=\"\" width=\"35\" height=\"35\" \/><\/a><\/p><\/div>\n\t\t\t\t<\/div>\n\t\t\t\t\t\t\t<div class=\"elementor-accordion-item\">\n\t\t\t\t\t<div id=\"elementor-tab-title-18011\" class=\"elementor-tab-title\" data-tab=\"11\" role=\"button\" aria-controls=\"elementor-tab-content-18011\" aria-expanded=\"false\">\n\t\t\t\t\t\t\t\t\t\t\t\t\t<span class=\"elementor-accordion-icon elementor-accordion-icon-right\" aria-hidden=\"true\">\n\t\t\t\t\t\t\t\t\t\t\t\t\t\t\t<span class=\"elementor-accordion-icon-closed\"><i class=\"fas fa-plus\"><\/i><\/span>\n\t\t\t\t\t\t\t\t<span class=\"elementor-accordion-icon-opened\"><i class=\"fas fa-minus\"><\/i><\/span>\n\t\t\t\t\t\t\t\t\t\t\t\t\t\t<\/span>\n\t\t\t\t\t\t\t\t\t\t\t\t<a class=\"elementor-accordion-title\" tabindex=\"0\">2016 \u2013 2006<\/a>\n\t\t\t\t\t<\/div>\n\t\t\t\t\t<div id=\"elementor-tab-content-18011\" class=\"elementor-tab-content elementor-clearfix\" data-tab=\"11\" role=\"region\" aria-labelledby=\"elementor-tab-title-18011\"><p>Geoffroy, MC., &amp; Turecki, G. (2016).\u00a0<strong>The developmental course of suicidal ideation in first-episode psychosis.\u00a0<\/strong><em>Lancet Psychiatry, 3<\/em>(5), 395-396. doi: 10.1016\/s2215-0366(15)00574-x<\/p><p>Geoffroy, MC., Boivin, M., Arseneault, L., Vitaro, F., Brendgen, M., Renaud, J., S\u00e9guin, J. R., Tremblay, R. E., Turecki, G., &amp; C\u00f4t\u00e9, S. M. (2016).\u00a0<strong>Associations between peer victimization and suicidal ideation and suicide attempt in youth: Results from a prospective population-based birth cohort.\u00a0<\/strong><em>Journal of the American Academy of Child and Adolescent Psychiatry, 55<\/em>(2), 99-105. doi: 10.1016\/j.jaac.2015.11.010<a href=\"https:\/\/v1.mcgeoffroy.ca\/storage\/2021\/06\/Geoffroy_2016_JAACAP_2_.pdf\" target=\"_blank\" rel=\"noopener\"><img decoding=\"async\" class=\"alignnone size-full wp-image-2996\" src=\"https:\/\/mcgeoffroy.ca\/wp-content\/uploads\/2023\/10\/pdf.png\" alt=\"\" width=\"35\" height=\"35\" \/><\/a><\/p><p>Geoffroy, MC., Pereira, SP., Li, L., &amp; Power, C. (2016).\u00a0<strong>Child neglect and maltreatment and childhood-to-adulthood cognition and mental health in a prospective birth cohort.<\/strong>\u00a0<em>Journal of the American Academy of Child and Adolescent Psychiatry, 55<\/em>, 33-40. doi: 10.1016\/j.jaac.2015.10.012 <a href=\"https:\/\/v1.mcgeoffroy.ca\/storage\/2021\/06\/Geoffroy_2016_JAACAP_1_.pdf\" target=\"_blank\" rel=\"noopener\"><img decoding=\"async\" class=\"alignnone size-full wp-image-2996\" src=\"https:\/\/mcgeoffroy.ca\/wp-content\/uploads\/2023\/10\/pdf.png\" alt=\"\" width=\"35\" height=\"35\" \/><\/a><\/p><p>Pappa, I., St Pourcain, B., Benke, K., Cavadino, A., Hakulinen, C., Nivard, M. G., Nolte, I. M., Tiesler, C. M. T., Bakermans-Kranenburg, M. J., Davies, G. E., Evans, D. M., Geoffroy, M.C., Grallert, H., Groen-Blokhuis, M. M., Hudziak, J. J., Kemp, J. P., Keltikangas-J\u00e4rvinen, L., McMahon, G., Mileva-Seitz, V. R., &#8230; Tiemeier, H. (2016).\u00a0<strong>A genome-wide approach to children&#8217;s aggressive behavior:\u00a0<em>The EAGLE consortium<\/em>.<\/strong>\u00a0<em>American Journal of Medical Genetics Part B: Neuropsychiatric Genetics<\/em>,\u00a0<em>171<\/em>(5), 562-572. doi: 10.1002\/ajmg.b.32333<a href=\"https:\/\/v1.mcgeoffroy.ca\/storage\/2021\/06\/Pappa_2016_Neuropsychiatric_Genetics.pdf\" target=\"_blank\" rel=\"noopener\"><img decoding=\"async\" class=\"alignnone size-full wp-image-2996\" src=\"https:\/\/mcgeoffroy.ca\/wp-content\/uploads\/2023\/10\/pdf.png\" alt=\"\" width=\"35\" height=\"35\" \/><\/a><\/p><p>Laurin, J. C., Geoffroy, MC., Boivin, M., Japel, C., Raynault, MF., Tremblay, R. E., &amp; C\u00f4t\u00e9, S.M. (2015).\u00a0<strong>Child care services, socioeconomic inequalities, and academic performance<\/strong>.\u00a0<em>Pediatrics, 136<\/em>(6), 1112-24. doi: 10.1542\/peds.2015-0419<\/p><p>Geoffroy, MC., Li, L., &amp; Power, C. (2014).\u00a0<strong>Depressive symptoms and body mass index: Comorbidity and direction of association in a British birth cohort followed over 50 years.<\/strong>\u00a0<em>Psychological Medicine, 44<\/em>(12), 2641-2652. doi:10.1017\/S0033291714000142<\/p><p>Pereira, S. P., Geoffroy, MC., &amp; Power, C. (2014).\u00a0<strong>Depressive symptoms and physical activity during 3 decades in adult life: Bidirectional associations in a prospective cohort study.<\/strong>\u00a0<em>JAMA Psychiatry, 71<\/em>(12), 1373-1380. doi:10.1001\/jamapsychiatry.2014.1240<\/p><p>Maddock, J., Geoffroy, MC., Power, C., &amp; Hypp\u00f6nen, E. (2014).\u00a0<strong>25-Hydroxyvitamin D and cognitive performance in mid-life.<\/strong>\u00a0<em>British Journal of Nutrition, 111<\/em>(5), 904-914. doi:10.1017\/S0007114513003176<a href=\"https:\/\/v1.mcgeoffroy.ca\/storage\/2021\/06\/Maddock_2014_BrJNutr.pdf\" target=\"_blank\" rel=\"noopener\"><img decoding=\"async\" class=\"alignnone size-full wp-image-2996\" src=\"https:\/\/mcgeoffroy.ca\/wp-content\/uploads\/2023\/10\/pdf.png\" alt=\"\" width=\"35\" height=\"35\" \/><\/a><\/p><p>Geoffroy, MC., Gunnell, D., &amp; Power, C. (2014).\u00a0<strong>Prenatal and childhood antecedents of suicide: 50-year follow-up of the 1958 British Birth Cohort Study.<\/strong>\u00a0<em>Psychological Medicine<\/em>,\u00a0<em>44<\/em>(6), 1245-56. doi:10.1017\/S003329171300189X<\/p><p>Geoffroy, MC., Power, C., Touchette, E., Dubois, L., Boivin, M., S\u00e9guin, J. R., Tremblay, R. E., &amp; C\u00f4t\u00e9, S. M. (2013).\u00a0<strong>Childcare and overweight or obesity over 10 years of follow-up.<\/strong>\u00a0<em>The Journal of Pediatrics<\/em>,\u00a0<em>162<\/em>(4), 753-758. doi: 10.1016\/j.jpeds.2012.09.026<\/p><p>Geoffroy, MC., Herztman, C., Li, L., &amp; Power, C. (2013).\u00a0<strong>Prospective association of morning salivary cortisol with depressive symptoms in mild-life<\/strong>.\u00a0<em>Plos One<\/em>,\u00a0<em>8<\/em>(11), e77603. doi: 10.1371\/journal.pone.0077603<a href=\"https:\/\/v1.mcgeoffroy.ca\/storage\/2021\/06\/Geoffroy_2013_pone.0077603.pdf\" target=\"_blank\" rel=\"noopener\"><img decoding=\"async\" class=\"alignnone size-full wp-image-2996\" src=\"https:\/\/mcgeoffroy.ca\/wp-content\/uploads\/2023\/10\/pdf.png\" alt=\"\" width=\"35\" height=\"35\" \/><\/a><\/p><p>Maddock, J., Berry, D. J., Geoffroy, MC., Power, C., &amp; Hypp\u00f6nen, E. (2013).\u00a0<strong>Vitamin D and Common mental disorders in mid-life: Cross-sectional and prospective findings<em>.<\/em><\/strong><em>\u00a0Clinical Nutrition, 32<\/em>(5), 758-764. doi\u00a0: j.clnu.2013.01.006<\/p><p>Geoffroy, MC., S\u00e9guin, J. R., Lacourse, \u00c9., Boivin, M., Tremblay, R. E., &amp; C\u00f4t\u00e9, S. M. (2012).\u00a0<strong>Parental characteristics associated with childcare use during the first 4 years of life: Results from a representative cohort of Qu\u00e9bec families.<\/strong>\u00a0<em>Canadian Journal of Public Health<\/em>,\u00a0<em>103<\/em>, 76-80. doi: 10.1007\/BF03404073<\/p><p>Geoffroy, MC., Hertzman, C., Li, L., &amp; Power, C. (2012).\u00a0<strong>Morning salivary cortisol and cognitive function in mid-life: Evidence from a population-based birth cohort.<\/strong>\u00a0<em>Psychological Medicine<\/em>,\u00a0<em>42<\/em>(8), 1763-1773. doi: 10.1017\/S0033291711002704<\/p><p>Geoffroy, MC., C\u00f4t\u00e9, S. M., Gigu\u00e8re, C. E., Dionne, G., Zelazo, P. D., Tremblay, R. E., Boivin, M., &amp; S\u00e9guin, J. R. (2010).\u00a0<strong>Closing the gap in academic readiness and achievement: The role of early childcare.<\/strong>\u00a0<em>Journal of Child Psychology and Psychiatry<\/em>,\u00a0<em>51<\/em>(12), 1359-1367. doi: 10.1111\/j.1469-7610.2010.02316.x<\/p><p>Geoffroy, MC., Manningham, S., S\u00e9guin, J. R., &amp; C\u00f4t\u00e9, S. M. (2009).\u00a0<strong>La garderie avant 2 ans nuisible pour les enfants: Mythe ou r\u00e9alit\u00e9?<\/strong>\u00a0<em>Revue de Psycho\u00e9ducation, 38<\/em>, 111-115.<\/p><p>C\u00f4t\u00e9, S., Borge, AI., Rutter, M., Geoffroy, MC., &amp; Tremblay, R. E. (2008). <b>Nonmaternal care in infancy and emotional behavioural difficulties at 4 years: Moderation by infant and family characteristics<\/b>.\u00a0<em>Developmental Psychology<\/em>,\u00a0<em>44<\/em>, 155-168. doi: 10.1037\/0012-1649.44.1.155<\/p><p>Geoffroy, MC., C\u00f4t\u00e9, S. M., Borge, A. I., Larouche, F., S\u00e9guin, J. R., &amp; Rutter, M. (2007).\u00a0<strong>Association between nonmaternal care in the first year of life and children\u2019s receptive language skills prior to school entry: The moderating role of socioeconomic status.\u00a0<\/strong><em>Journal of Child Psychology and Psychiatry<\/em>,\u00a0<em>48<\/em>(5), 490-497. doi: 10.1111\/j.1469-7610.2006.01704.x<\/p><p>Salvas, M. C., Geoffroy, MC., Boivin, M., Tremblay, R. E., &amp; C\u00f4t\u00e9, S. M. (2007).\u00a0<strong>Associations entre les facteurs de risque maternel et l&#8217;agressivit\u00e9 physique chez les jeunes enfants<\/strong>.\u00a0<em>Revue Devenir<\/em>,\u00a0<em>19<\/em>(4), 313-325. doi: 10.3917\/dev.074.0313<\/p><p>Geoffroy, MC., C\u00f4t\u00e9, S. M., Parent, S., &amp; S\u00e9guin, J. R. (2006).\u00a0<strong>Daycare attendance, stress and mental health<\/strong>.\u00a0<em>Canadian Journal of Psychiatry<\/em>,\u00a0<em>51<\/em>(9), 607-615. doi: 10.1177\/070674370605100909<\/p><\/div>\n\t\t\t\t<\/div>\n\t\t\t\t\t\t\t\t<\/div>\n\t\t\t\t\t\t<\/div>\n\t\t\t\t<\/div>\n\t\t\t\t<\/div>\n\t\t\t\t<\/div>\n\t\t","protected":false},"excerpt":{"rendered":"<p>2026 Hu, S., Carrier, M.E., Geoffroy, M.C., Golberg, M., Kwakkenbos, L., Bartlett, S.J., Fortune, C., Gietzen, A., Gottesman, K., Guillot, G., Hummers, L.K., Lawrie-Jones, A., Malcarne, V.L., Richard, M., Sauve, M., Mouthon, L., Benedetti, A., &amp; Thombs, B.D. (in press). Differential item functioning on the Patient Health Questionnaire-8 by disease subtype, language, sex, and age [&hellip;]<\/p>\n","protected":false},"author":1,"featured_media":0,"parent":0,"menu_order":0,"comment_status":"closed","ping_status":"closed","template":"elementor_header_footer","meta":{"footnotes":""},"class_list":["post-3940","page","type-page","status-publish","hentry"],"acf":[],"_links":{"self":[{"href":"https:\/\/mcgeoffroy.ca\/en\/wp-json\/wp\/v2\/pages\/3940","targetHints":{"allow":["GET"]}}],"collection":[{"href":"https:\/\/mcgeoffroy.ca\/en\/wp-json\/wp\/v2\/pages"}],"about":[{"href":"https:\/\/mcgeoffroy.ca\/en\/wp-json\/wp\/v2\/types\/page"}],"author":[{"embeddable":true,"href":"https:\/\/mcgeoffroy.ca\/en\/wp-json\/wp\/v2\/users\/1"}],"replies":[{"embeddable":true,"href":"https:\/\/mcgeoffroy.ca\/en\/wp-json\/wp\/v2\/comments?post=3940"}],"version-history":[{"count":203,"href":"https:\/\/mcgeoffroy.ca\/en\/wp-json\/wp\/v2\/pages\/3940\/revisions"}],"predecessor-version":[{"id":5980,"href":"https:\/\/mcgeoffroy.ca\/en\/wp-json\/wp\/v2\/pages\/3940\/revisions\/5980"}],"wp:attachment":[{"href":"https:\/\/mcgeoffroy.ca\/en\/wp-json\/wp\/v2\/media?parent=3940"}],"curies":[{"name":"wp","href":"https:\/\/api.w.org\/{rel}","templated":true}]}}